{"id":1037,"date":"2018-11-23T18:06:03","date_gmt":"2018-11-23T15:06:03","guid":{"rendered":"https:\/\/www.anastasiapopescu.ro\/scoala\/?page_id=1037"},"modified":"2024-02-10T19:23:18","modified_gmt":"2024-02-10T16:23:18","slug":"curriculum-vitae","status":"publish","type":"page","link":"https:\/\/www.anastasiapopescu.ro\/scoala\/curriculum-vitae\/","title":{"rendered":"Curriculum Vitae"},"content":{"rendered":"<p>[et_pb_section fb_built=&#8221;1&#8243; _builder_version=&#8221;4.16&#8243; background_image=&#8221;https:\/\/www.anastasiapopescu.ro\/scoala\/wp-content\/uploads\/logo-bg-scoala.png&#8221; background_size=&#8221;initial&#8221; background_position=&#8221;top_center&#8221; global_colors_info=&#8221;{}&#8221;][et_pb_row _builder_version=&#8221;4.16&#8243; global_colors_info=&#8221;{}&#8221;][et_pb_column type=&#8221;4_4&#8243; _builder_version=&#8221;4.16&#8243; custom_padding=&#8221;|||&#8221; global_colors_info=&#8221;{}&#8221; custom_padding__hover=&#8221;|||&#8221;][et_pb_text _builder_version=&#8221;4.16&#8243; global_colors_info=&#8221;{}&#8221;]<\/p>\n<h2>Liceul Pedagogic Ortodox &#8222;Anastasia Popescu&#8221;<\/h2>\n<p>[\/et_pb_text][\/et_pb_column][\/et_pb_row][et_pb_row column_structure=&#8221;3_5,2_5&#8243; _builder_version=&#8221;4.16&#8243; background_size=&#8221;initial&#8221; background_position=&#8221;top_center&#8221; custom_padding=&#8221;13px|0px|13px|0px|false|false&#8221; global_colors_info=&#8221;{}&#8221;][et_pb_column type=&#8221;3_5&#8243; _builder_version=&#8221;4.16&#8243; custom_padding=&#8221;|||&#8221; global_colors_info=&#8221;{}&#8221; custom_padding__hover=&#8221;|||&#8221;][et_pb_text _builder_version=&#8221;4.16&#8243; text_font=&#8221;||||||||&#8221; text_orientation=&#8221;justified&#8221; global_colors_info=&#8221;{}&#8221;]<\/p>\n<p>\u00cenfiin\u021bate de c\u0103tre Funda\u021bia <em>Preasf\u00e2nta Fecioar\u0103 Maria<\/em>, Gr\u0103dini\u021ba \u201eArc-en-Ciel\u201d, apoi \u0218coala \u201eAnastasia Popescu\u201d \u0219i mai apoi Liceul Pedagogic \u201eAnastasia Popescu\u201d, \u0219i-au pornit activitatea \u00een anul 1994, respectiv 1996. Datorit\u0103 metodelor inovative \u00een educa\u0163ie \u015fi rezultatelor deosebit de bune ob\u0163inute de \u00a0Funda\u0163ia <em>Preasf\u00e2nta Fecioar\u0103 Maria, <\/em>\u00een anul \u015fcolar 2004-2005, \u00a0aceasta a primit certificatul de institu\u0163ie asociat\u0103 \u00a0UNESCO.<\/p>\n<p>Nivelul <strong><b>preprimar al<\/b><\/strong>\u00a0\u0219colii ob\u021bine <strong><b>acreditarea<\/b><\/strong>\u00a0prin <strong><b>OMEC 5648\/14.11.2006<\/b><\/strong>, iar nivelurile <strong><b>primar \u0219i gimnazial<\/b><\/strong>\u00a0<strong><b>se acrediteaza<\/b><\/strong>\u00a0prin <strong><b>OMEN 3618\/19.06.2014<\/b><\/strong>.<\/p>\n<p>[\/et_pb_text][\/et_pb_column][et_pb_column type=&#8221;2_5&#8243; _builder_version=&#8221;4.16&#8243; custom_padding=&#8221;|||&#8221; global_colors_info=&#8221;{}&#8221; custom_padding__hover=&#8221;|||&#8221;][et_pb_text _builder_version=&#8221;4.16&#8243; text_font=&#8221;|600|||||||&#8221; text_font_size=&#8221;16px&#8221; custom_padding=&#8221;|||4vw&#8221; global_colors_info=&#8221;{}&#8221;]<\/p>\n<ul>\n<li><a href=\"#proiecte-educationale\">Proiecte educa\u021bionale<\/a><\/li>\n<li><a href=\"#publicatii\">Publica\u0163ii<\/a><\/li>\n<li><a href=\"#premii-distinctii-scoala\">Premiile \u015fi distinc\u0163iile \u015fcolii<\/a><\/li>\n<li><a href=\"#premii-distinctii-profesori\">Premiile \u015fi distinc\u0163iile profesorilor<\/a><\/li>\n<\/ul>\n<p>[\/et_pb_text][\/et_pb_column][\/et_pb_row][et_pb_row _builder_version=&#8221;4.16&#8243; background_size=&#8221;initial&#8221; background_position=&#8221;top_left&#8221; background_repeat=&#8221;repeat&#8221; global_colors_info=&#8221;{}&#8221;][et_pb_column type=&#8221;4_4&#8243; _builder_version=&#8221;4.16&#8243; custom_padding=&#8221;|||&#8221; global_colors_info=&#8221;{}&#8221; custom_padding__hover=&#8221;|||&#8221;][et_pb_text _builder_version=&#8221;4.16&#8243; text_orientation=&#8221;justified&#8221; global_colors_info=&#8221;{}&#8221;]<\/p>\n<p>Pentru nivelul de \u00eenv\u0103\u021b\u0103m\u00e2nt \u201e<strong>liceal<\/strong>\u201d, <strong>profilul \u201epedagogic<\/strong>\u201d, calificarea profesional\u0103 \u201e<strong>\u00eenv\u0103\u021b\u0103tor \u2013 educatoare<\/strong>\u201d, s-a ob\u021binut autorizarea de func\u021bionare provizorie, prin <strong>OMENCS Nr. 3490\/28.03.2016<\/strong>.<\/p>\n<p>Noul proiect a ob\u021binut \u00ceNALTA BINECUV\u00c2NTARE A PREAFERICITULUI P\u0102RINTE PATRIARH DANIEL \u00een anul 2016.<\/p>\n<p>&nbsp;<\/p>\n<h3 id=\"proiecte-educationale\">Proiecte educa\u021bionale<\/h3>\n<p>Preocupat\u0103 an de an de perfec\u0163ionarea metodelor de predare-\u00eenv\u0103\u0163are \u015fi de formarea continu\u0103 a cadrelor sale didactice, \u015ecoala <em>Anastasia Popescu <\/em>a ini\u0163iat \u015fi derulat o gam\u0103 variat\u0103 de proiecte educa\u0163ionale cu caracter inovator \u015fi de cercetare, pe care le continu\u0103 \u00een prezent, sub noua denumire ob\u021binut\u0103, odat\u0103 cu \u00eenfiin\u021barea nivelului liceal, Liceul Pedagogic <em>Anastasia Popescu<\/em>. Dintre acestea, men\u0163ion\u0103m:<\/p>\n<ul>\n<li><span style=\"font-size: 14px;\">Proiectul \u201e25 Decembrie \u2013 Na\u015fterea Domnului Iisus Hristos \u2013 o posibilitate de dialog \u00eentre Occident \u015fi Orientul ortodox\u201d, \u00een cadrul c\u0103ruia elevii \u0219colii noastre au jucat piesa <\/span><em style=\"font-size: 14px;\">Vicleim<\/em><span style=\"font-size: 14px;\">\u00a0de Mircea Vulc\u0103nescu, \u00een premier\u0103 absolut\u0103, dup\u0103 1941. Proiectul s-a \u00a0derulat \u00een parteneriat cu Funda\u0163ia \u201ePRO PIANO \u2013 Rom\u00e2nia, \u00een Sala <\/span><em style=\"font-size: 14px;\">Auditorium<\/em><span style=\"font-size: 14px;\">\u00a0a Muzeului Na\u0163ional de Art\u0103, \u0219i a fost finan\u0163at de FDSC, \u00een urma lans\u0103rii unui concurs de proiecte educa\u021bionale \u2013 1997;<\/span><\/li>\n<li>\n<p>Expozi\u0163ia de icoane pe sticl\u0103 \u2013 Galeria Catacomba \u2013 1999;<\/p>\n<\/li>\n<li>\n<p><span style=\"font-size: 14px;\">\u201eZiua P\u0103m\u00e2ntului \u2013 Lumea \u00een care tr\u0103im\u201d, desf\u0103\u015furat \u00een perioada 3 martie \u00a0\u2013 22 aprilie, premiat de Direc\u0163ia General\u0103 de Protec\u0163ie a Mediului \u015fi Educa\u0163ie Eco-Civic\u0103 din cadrul Prim\u0103riei Municipiului Bucure\u015fti &#8211; 2003;<\/span><\/p>\n<\/li>\n<li>\n<p><span style=\"font-size: 14px;\"><\/span><span style=\"font-size: 14px;\">\u015ecoala de Var\u0103 \u201eArc-en-Ciel &#8211; Estival\u201d, oferit\u0103 anual unui num\u0103r de 60 de copii din Bucure\u015fti, proiect \u00a0novator, recunoscut ca valoare \u015fi promovat de c\u0103tre \u00a0Comisia Na\u0163ional\u0103 a Rom\u00e2nei pentru UNESCO, fiind primul proiect de acest gen din Rom\u00e2nia adresat categoriei de v\u00e2rst\u0103 3 \u2013 14 ani &#8211; 2003 \u2013 2021 ;<\/span><\/p>\n<\/li>\n<li>\n<p><span style=\"font-size: 14px;\"><\/span><span style=\"font-size: 14px;\">\u201eGala interna\u0163ional\u0103 a prietenilor muzicii\u201d, \u00een parteneriat cu Funda\u0163ia \u201ePRO PIANO \u2013 Rom\u00e2nia \u015fi cu Institutul Francez, \u00a02003-2016;<\/span><\/p>\n<\/li>\n<li><span style=\"font-size: 14px;\">Partener asociat \u00a0pentru proiectul Socrates \u2013 Comenius Ac\u0163iunea 1, \u201eStone to Stone; People to People\u201d, realizat \u00een parteneriat cu \u015ecoala Nr.85 \u201eProf.Vasile Bunescu\u201d \u2013 Bucure\u015fti, \u015fi cu \u015fcoli din Belgia, Italia \u015fi Portugalia \u2013 2002 &#8211; 2005 ;<\/span><\/li>\n<li>\n<p><span style=\"font-size: 14px;\"><\/span><span style=\"font-size: 14px;\">\u201eClubul Micului Jurnalist\u201d \u015fi realizarea unei publica\u0163ii \u00a0<\/span><em style=\"font-size: 14px;\">Arc-en- Ciel Estival &#8211; \u00a0Foaie de Vacan\u0163\u0103<\/em><span style=\"font-size: 14px;\">\u00a0desf\u0103\u015furat \u00een perioada iulie \u2013 august, \u00een cadrul \u015ecolii de Var\u0103 <\/span><em style=\"font-size: 14px;\">Arc-en- Ciel Estival <\/em><span style=\"font-size: 14px;\">2003 \u2013 2016;<\/span><\/p>\n<ul>\n<li><span><\/span>Crosul \u201eArc-en-Ciel \u2013Copilul \u015fi p\u0103rintele\u201d, pe Stadionul Lia Manoliu \u2013 \u00een parteneriat cu Prim\u0103ria Sectorului 2 &#8211; 15 noiembrie 2003;<\/li>\n<li><span><\/span>\u201eSatul rom\u00e2nesc \u015fi tradi\u0163iile sale\u201d \u00een parteneriat cu Muzeul \u0162\u0103ranului Rom\u00e2n \u2013 2005;<\/li>\n<li><span><\/span>Participarea corului \u201eSf. Elisabeta\u201d, alc\u0103tuit din elevii \u015ecolii \u00a0<em>Anastasia Popescu<\/em>la spectacolele de Cr\u0103ciun organizate de Junior Achievement Romania \u2013 2003 \u2013 2005;<\/li>\n<li><span><\/span>\u201eLec\u0163ia de zbor\u201d, spectacol bilingv omagial Nichita St\u0103nescu, dedicat persoanelor cu dizabilit\u0103\u0163i, la Institutul Francez &#8211; Sala \u201eElvire Popesco\u201d \u0219i la Teatrul \u201eIon Creang\u0103\u201d &#8211; 15 mai 2003, 4 decembrie 2004, 14 februarie \u0219i 24 martie 2005;<\/li>\n<li><span><\/span>\u201eDialogurile apei\u201d \u2013 \u00a0Proiect UNESCO, realizat multidisciplinar de elevii Gr\u0103dini\u0163elor \u015fi ai \u015ecolii, prin spectacole, concerte \u00a0\u015fi expozi\u0163ii &#8211; 2005 ;<\/li>\n<li><span><\/span>\u201e\u00cengerul P\u0103zitor\u201d, \u201eMartiriul Sf\u00e2ntului Gheorghe\u201d \u2013 proiect \u2013 spectacol dedicat memoriei P\u0103rintelui Profesor Constantin Galeriu, eveniment realizat cu sprijinul Preasfin\u0163itului Varsanufie, Episcop Vicar al Preasfin\u0163itei Arhiepiscopii a Bucure\u015ftilor; spectacolul a fost integral sus\u0163inut de elevi ai Gr\u0103dini\u021bei \u0219i \u015ecolii \u201eAnastasia Popescu\u201d \u015fi a fost realizat \u00een parteneriat cu Societatea Rom\u00e2n\u0103 de Radiodifuziune \u2013 Teatrul Na\u0163ional Radiofonic &#8211; 2005;<\/li>\n<li><span><\/span>Activit\u0103\u0163i dedicate \u201eAnului Francofoniei\u201d- \u00een parteneriat cu Ministerul Culturii, cu \u015fcoli din Canada, cu Ministerul \u00a0Educa\u0163iei \u015fi Cercet\u0103rii \u015fi cu Comisia Na\u0163ional\u0103 pentru UNESCO &#8211; Finan\u0163are de la Ministerul Culturii, finalizate cu albumul \u201eJ\u2019aime le fran\u00e7ais\u201d \u00a0&#8211; 2006;<\/li>\n<li><span><\/span>\u201eIosif \u0219i fra\u021bii s\u0103i\u201d, (patru spectacole pe scena teatrului \u015fi unul la \u015ecoala pentru Deficien\u0163i de Auz Nr.2) \u00a0\u00een cadrul proiectului \u201eEi pot auzi \u00eengerii\u201d, \u00een parteneriat cu \u015ecoala pentru Deficien\u0163i de Auz Nr.2, \u201eSf\u00e2nta Maria\u201d \u015fi cu Teatrul \u201eIon Creang\u0103\u201d stagiune teatral\u0103 \u2013 2006 &#8211; 2007;<\/li>\n<li><span><\/span>\u201eCea mai mare ghirland\u0103 de Craciun\u201d \u2013 proiect \u00a0la care au fost invitate gr\u0103dini\u0163e \u015fi \u015fcoli din capital\u0103 \u2013luna decembrie, \u00een anii 2007- 2011, \u00een parteneriat cu Radio Itsy-Bitsy;<\/li>\n<li><span><\/span>\u201eVicleim\u201d de Mircea Vulc\u0103nescu \u2013 spectacol aniversar, 10 ani de la premiera absolut\u0103 &#8211; decembrie 2007;<\/li>\n<li><span><\/span>\u201eBuna Vestire \u2013 adev\u0103rata s\u0103rb\u0103toare a femeii cre\u015ftine\u201d \u2013 expozi\u021bii de arte plastice \u015fi spectacole realizate an de an, \u00eentre 1997 \u015fi 2022, \u00een preajma zilei de 25 Martie, S\u0103rb\u0103toarea Bunei Vestiri, \u00een parteneriat cu Muzeul \u0162\u0103ranului Rom\u00e2n, Muzeul Literaturii Rom\u00e2ne, Muzeul Municipiului Bucure\u015fti, Biblioteca Na\u021bional\u0103, Biserica Popa Nan, Biserica D\u0103m\u0103roaia etc.;<\/li>\n<li><span><\/span>\u201ePrietenii de l\u00e2ng\u0103 noi\u201d \u2013 expozi\u0163ie de arte plastice edi\u0163iile 2006, 2007, 2008, 2010, 2016, \u00een parteneriat cu Societatea Rom\u00e2n\u0103 de Radiodifuziune, Biblioth\u00e8que Jeunesse, Biblioteca pentru copii \u201eIon Creang\u0103\u201d, cu Teatrul Odeon \u0219i cu Fund\u021bia Dignitas; \u00a0\u00a0\u00a0\u00a0\u00a0\u00a0\u00a0\u00a0\u00a0\u00a0\u00a0\u00a0\u00a0\u00a0\u00a0\u00a0<\/li>\n<li><span><\/span>\u201eUniversul copil\u0103riei \u2013 Drepturile copilului\u201d, \u00een parteneriat cu Gr\u0103dini\u0163a \u201eFloare de col\u0163\u201d \u015fi cu \u0218coala \u201eHorea, Clo\u015fca \u015fi Cri\u015fan\u201d din Brad, jud. Hunedoara anul \u015fcolar 2008 \u2013 2009;<\/li>\n<li><span><\/span>Proiectul \u201eArbori ocroti\u0163i\u201d, \u00een parteneriat cu Gr\u0103dini\u0163a nr.258, \u201eMagnolia\u201d, din Bucure\u015fti &#8211; anul \u015fcolar 2008 \u2013 2009;<\/li>\n<li><span><\/span>\u201eLe d\u00e9fi pour la Terre\u201d \u2013 \u00een cadrul proiectului Leonardo &#8211; EDURAB, privind Educa\u0163ia pentru Dezvoltare Durabil\u0103 (parteneri FORMIRIS \u2013Fran\u0163a, Liceul Gh.Laz\u0103r, Bucure\u015fti) \u2013 2010;<\/li>\n<li><span><\/span>Concursul Na\u0163ional de Arte Plastice \u015fi Decorative, edi\u0163iile 2005 &#8211; 2021, organizat prin Atelierul de Arte Plastice al \u015ecolii\/ Liceului \u00a0<em>Anastasia Popescu, <\/em>\u00een parteneriat permanent cu UNESCO, iar, doi ani la r\u00e2nd, \u0219i cu ISMB;<\/li>\n<li><span><\/span>Editarea albumului \u201e<em>U\u015for, u\u015for, p\u0103\u015fim \u00een lumea artelor<\/em>\u201d, cuprinz\u00e2nd activitatea expozi\u0163ional\u0103, taberele tematice \u015fi proiectele cultural-artistice ale \u015ecolii \u00a0<em>Anastasia Popescu &#8211; <\/em>octombrie 2009<em>,<\/em>lansat la Teatrul Odeon;<\/li>\n<li><span><\/span>Concursul Na\u0163ional <em>Prietenii Dansului, <\/em>edi\u0163iile 2006 &#8211; 2012, \u00een parteneriat cu Centrul Cultural Nicolae B\u0103lcescu \u0219i cu Colegiul Na\u0163ional \u201eMihai Viteazul\u201d;<\/li>\n<li><span><\/span>Implementarea proiectului MIND LAB la nivelul preprimar \u015fi la cele primar \u015fi gimnazial (2008 &#8211; 2022), \u00eencununat\u0103 cu ob\u0163inerea, de nou\u0103 ori, de c\u0103tre echipa \u015ecolii \u00a0<em>Anastasia Popescu,<\/em>a titlului de Campioan\u0103 Na\u0163ional\u0103 la Olimpiada de MIND LAB \u015fi ob\u021binerea \u00a0\u00a0medaliilor de aur, de de argint \u015fi de bronz, la competi\u021biile \u00a0individuale \u0219i a cupelor de \u00a0bronz ( 2012, 2017) \u0219i de argint (2013), \u00een calitate de Vicecampioan\u0103 interna\u021bional\u0103; \u00a0<\/li>\n<li><span><\/span>Participarea la concursul organizat de Veolia \u2013 Apa Nova \u2013 UNESCO \u015fi ob\u0163inerea \u00a0Marelui Premiu, recompensat cu excursia la Paris a grupului reprezentativ de copii &#8211; 2007;<\/li>\n<li><span><\/span>Participarea la evenimentele organizate \u00een Anul Francofoniei prin parteneriatul cu dou\u0103 \u015fcoli din Nouveau Brunswick, \u00een urma c\u0103ruia a rezultat volumul \u201eJ\u2019aime le fran\u00e7ais &#8211; L\u2019\u00e9cole sans fronti\u00e8res\u201d, lansat la Hotel Novotel \u00a0Bucure\u015fti, \u00een luna septembrie 2006<strong>;<\/strong><\/li>\n<li><span><\/span>Participarea la proiectul derulat prin \u00a0British Council, cu tema \u201eCreativity and Arts\u201d, prin care un grup de 12 profesori din Marea Britanie au fost o zi oaspe\u0163ii \u015fcolii \u015fi ai gr\u0103dini\u0163ei &#8211; februarie 2009;<\/li>\n<li><span><\/span>Participarea la proiectul interna\u0163ional \u201eLec\u0163ia de citire\u201d \u015fi implementarea proiectului \u201eCite\u015fte pentru mine\u201d, preluat de la Gr\u0103dini\u0163a \u201eDumbrava minunat\u0103\u201d &#8211; 2009;<\/li>\n<li><span><\/span>Participarea la lansarea volumului \u201eSimbolismul rom\u00e2nesc\u201d de Constan\u0163a B\u0103rboi, \u00een parteneriat cu Muzeul Literaturii Rom\u00e2ne, Casa Memoriala \u201eGeorge Bacovia\u201d- \u00a02009;<\/li>\n<li><span><\/span>Spectacolele literare ale claselor I \u0219i Preg\u0103titoare, cu participarea scriitorilor Pavel \u015eu\u015far\u0103, Lygia Naum, Constan\u0163a B\u0103rboi, Alexandru Chiriacescu, Ana Blandiana, Andreea Mihaela Stan, Ioan Mihai Cochinescu, Ioana Nicolaie, Iulia Iordan, Carmen Firan \u0219i mul\u021bi al\u021bii, care au \u00a0oferit celor mici c\u0103r\u0163i cu autografe &#8211; 2002 &#8211; 2021;<\/li>\n<li><span><\/span>Implementarea proiectului \u201eLas\u0103 tot \u015fi cite\u015fte 5 minute\u201d, preluat de la \u015ecoala Interna\u0163ional\u0103 Cluj &#8211; 2006 &#8211; 2021;<\/li>\n<li><span><\/span>Participarea la T\u0103rgul de carte Gaudeamus, \u00een parteneriat cu Comisia Na\u021bional\u0103 pentru UNESCO, prezentarea unor scenete dramatizate \u0219i a lucr\u0103rilor realizate de copii sub genericul legume \u0219i fructe pentru o via\u021b\u0103 s\u0103n\u0103toas\u0103 2017 &#8211; 2019;<\/li>\n<li><span><\/span>Implementarea proiectului \u201eD\u0103rui\u0163i flori care s\u0103 tr\u0103iasc\u0103\u201d, preluat de la \u015ecoala \u201eAurora Ouatu\u201d \u2013 Piatra Neam\u0163 &#8211; \u00a02007 \u2013 p\u00e2n\u0103 \u00een prezent;<\/li>\n<li><span><\/span>Sus\u0163inerea unor lec\u0163ii deschise, bazate pe metoda proiectelor \u015fi pe o abordare interdisciplinar\u0103 a programei, \u00een cadrul Comisiilor metodice, la gr\u0103dini\u0163\u0103 \u015fi la \u015fcoal\u0103 : \u00a0\u201eUni\u0163i \u00een diversitate\u201d \u2013 2006, \u201eO poveste cu lalele, vin Floriile cu ele!\u201d &#8211; 2008, \u201eDumbrava minunat\u0103 \u2013 o abordare interdisciplinar\u0103 a textului literar la clasa a II-a\u201d \u2013 2008, \u201eTehnici de captare \u015fi men\u0163inere a aten\u0163iei la \u015fcolarii mici\u201d- 2009 \u00a0\u00a0\u00a0\u201cCrea(c)tivitatea \u2013 proiect realizat la clasa a IV-a &#8211; 2010\u201d, \u201eRutinele de diminea\u021b\u0103 \u2013 clasa preg\u0103titoare\u201d- 2012; \u00a0\u201e\u00cent\u00e2lnirea de diminea\u021b\u0103 \u2013 oportunitate pentru dezvoltarea personal\u0103 a elevilor din clasa preg\u0103titoare\u201d- 2013; \u201ePove\u0219tile broscu\u021bei\u201d- proiect derulat la nivelul \u0219colilor din sectorul 1 \u0219i al celor particulare din Municipiul Bucure\u0219ti \u2013 2015, \u201ePoezie mare pentru copii mici\u201d\u2013 2015, \u201eCopiii \u0219i Casa Regal\u0103 a Rom\u00e2niei\u201d \u2013 2016, \u00a0\u201eDezvoltarea abilit\u0103\u021bilor socio-emo\u021bionale ale elevilor din clasele primare\u201d, \u201eR\u0103d\u0103cini Br\u00e2ncovene\u0219ti\u201d- 2014 \u0219i 2017, Proiectul \u201eEduca\u021bie prin cultur\u0103\u201d \u2013 2014 &#8211; 2022;\u00a0<\/li>\n<li><span><\/span>realizarea unor materiale didactice-auxiliare multiplicabile;<\/li>\n<li><span><\/span>Editarea revistei \u015fcolare <em>Universul copiilor \u2013 <\/em>anii \u015fcolari 2009-2015, cu Seria nou\u0103 \u2013 2020-2022;<\/li>\n<li><span><\/span>Proiectul pilot \u201eMobiD\u00e9couverte \u2013 Copiii designeri\u201d, \u00een cadrul programului european WAVE2, de atragere a tinerilor c\u0103tre sectorul productiv, prin demersuri de educa\u0163ie timpurie, 2010;<\/li>\n<li><span><\/span>Proiectul anual \u201eSfin\u0163ii Martiri Br\u00e2ncoveni\u201d \u2013 2004 \u2013 2021.<\/li>\n<li><span><\/span>Organizarea concursului \u201eSfin\u0163i \u015fi icoane- Sfin\u021bii prietenii copiilor\u201d, cu binecuv\u00e2ntarea Sf\u00e2ntului Sinod, \u00een parteneriat cu T\u00e2rgul de Obiecte Biserice\u015fti \u2013 2008-2010;<\/li>\n<li><span><\/span>Proiectul \u0219colar bilateral Comenius \u201eJe d\u00e9couvre, je me d\u00e9couvre\u201d, 2010 \u2013 2012;<\/li>\n<li><span><\/span>Editarea albumului \u201eO icoan\u0103 \u2013 un copil\u201d, cuprinz\u00e2nd icoane pe sticl\u0103 realizate de elevii \u0218colii \u00a0<em>Anastasia Popescu, \u00a0\u2013 <\/em>noiembrie 2011;<\/li>\n<li><span><\/span>Editarea volumului omagial dedicat Centenarului Anastasia Popescu \u00a0&#8211; noiembrie 2011;<\/li>\n<li><span><\/span>Proiectul <em>Art(h)\u00e9, galeria copiilor<\/em>, finan\u021bat de Administra\u021bia Fondului Cultural Na\u021bional, edi\u021bia I &#8211; 2011, edi\u021bia a II-a \u2013 2012;<\/li>\n<li><span><\/span>Editarea <em>Albumului Galeriei Art(h)\u00e9 \u2013 <\/em>2012;<\/li>\n<li><span><\/span>Editarea c\u0103r\u021bii de colorat pentru copii <em>Bucuria darurilor <\/em>\u2013 edi\u021bie bilingv\u0103 rom\u00e2n\u0103-francez\u0103, \u00een parteneriat cu Asocia\u021bia <em>Arhitect Ionescu Dimitrie Berechet<\/em>\u00a0\u2013 2012;<\/li>\n<li><span><\/span>Proiectul <em>Punte \u00eentre genera\u021bii, <\/em>derulat \u00een parteneriat cu <em>Clubul \u00cen\u021belep\u021bilor \u2013 <\/em>sector 2 \u2013 2013-2017;<\/li>\n<li><span><\/span>Editarea <em>Calendarului Copiilor <\/em>\u0219i a <em>C\u0103r\u021bii de Rug\u0103ciuni pentru Copiii Mici &#8211; decembrie <\/em>2013, 2014, 2015, 2016.<\/li>\n<li><span><\/span>Proiectul \u201eAdopt\u0103 o \u0219coal\u0103\u201d, \u00een parteneriat cu \u0218coala Primar\u0103 Mesteac\u0103n \u2013 Jude\u021bul Neam\u021b, sus\u021binut de TVR1 \u201eEmisiunea Universul Credin\u021bei\u201d \u0219i cu Asocia\u021bia Free Miori\u021ba, pentru satul Holbav \u2013 Jude\u021bul Bra\u0219ov, promovat prin Radio Trinitas \u2013 2014 &#8211; 2016;<\/li>\n<li><span><\/span>Proiectul \u201eReinventarea semnelor\u201d, \u00een parteneriat cu \u0218coala Nr.85 \u0219i cu Liceul Tehnologic special Nr.3, proiect propus pentru Calendarul activit\u0103\u021bilor educative municipale &#8211; 2014;<\/li>\n<li><span><\/span>Editarea <em>Agendei \u0219colare \u2013 <\/em>pe anii \u0219colari : 2012-2013, 2013-2014, 2014-2015, 2015-2016, 2016-2017, 2021-2022;<\/li>\n<li><span><\/span><em>Conferin\u021bele Anastasia Popescu<\/em>\u2013 serie de \u00eent\u00e2lniri dedicate copiilor \u0219i p\u0103rin\u021bilor, av\u00e2nd ca primi invita\u021bi pe d-na Veronica Bojescu, fiica d-nei prof.Anastasia Popescu (2011), pe bioeticianiul Virgiliu Gheorghe (aprilie 2012, pe tema, <em>Impactul televizorului asupra min\u021bii umane <\/em>\u0219i noiembrie 2013, pe tema <em>Copiii \u0219i tinerii fa\u021b\u0103 \u00een fa\u021b\u0103 cu ecranul<\/em>\u00a0), pe medicul Irina Calangea, care a conferen\u021biat pe tema <em>Voluntariatul \u2013 un must have <\/em>\u2013 2013, pe d-na M\u0103riuca Vulc\u0103nescu, fiica lui Mircea Vulc\u0103nescu (2010, 2013, 2014), scriitorii Alex. \u0218tef\u0103nescu \u0219i Tudor C\u0103lin Zarojanu (2015), filosoful Sorin Lavric (2016) ; Prof. Margareta Labi\u0219, sora poetului Nicolae Labi\u0219 (2016), Prof. Sergiu Cioc\u00eerlan (2016), Prof. Florian Colceag, criticul Daniel Cristea Enache (2017), Prof. Georgeta Nechita-Burcule\u021b, Av. Adrian Bulboac\u0103 \u0219i Tudor Burnar -reprezentan\u021bi ai Proiectului Matricea Rom\u00e2neasc\u0103 (2017, 2018, 2021), jurnalistul cre\u0219tin R\u0103zvan Bucuroiu (2019, 2021), personalit\u0103\u021bi ale lumii artelor, muzicii \u0219i sportului \u2013 Ana Blandiana, Elena Murariu, George Og\u0103raru, Eugen Caminschi \u2013 2019, 2021, 2022;<\/li>\n<li><span><\/span>\u00cenfiin\u021barea <em>Clubului European<\/em>al \u0219colii \u2013 anii \u0219colari 2014-2015, 2015-2016, editarea bro\u0219urii <em>Peisaj \u0219i armonie european\u0103, <\/em>\u00een urma concursului lansat la nivelul Municipiului Bucure\u0219ti;<\/li>\n<li><span><\/span>Inaugurarea nivelului liceal (al\u0103turi de cele pre\u0219colar, primar \u0219i gimnazial) \u2013 profilul Pedagogic \u2013 septembrie 2016;<\/li>\n<li><span><\/span>Ob\u021binerea \u00cenaltei Binecuv\u00e2nt\u0103ri din partea Preafericitului Patriarh Daniel \u2013 septembrie 2016;<\/li>\n<li><span><\/span>Organizarea Zilelor Educa\u021biei Cre\u0219tin &#8211; Ortodoxe \u2013 luna noiembrie a anilor 2016 &#8211; 2021;<\/li>\n<li><span><\/span>Vernisarea expozi\u021biilor de grafic\u0103, desen, pictur\u0103, fotografie \u0219i sculptur\u0103, cuprinz\u00e2nd lucr\u0103ri ale arti\u0219tilor Silvia Radu (2015), Elena Murariu (2016, 2019, 2022), Rodica Marinescu \u2013 Fle\u0219ariu (2016, 2019), Mihai Nechita (2017), Dana \u0218tef\u0103nescu (2017), Mihaela N\u0103stase (2018), Ioana Petresco \u2013 Filmul \u201eBrazii\u201d (2019), Raluca Prelipceanu, Camelia Popa (2020), Virgiliu Parghel, Ramona \u0218lug (2021), Horea Pa\u0219tina, Claudia Mu\u0219at (2022).<\/li>\n<li><span><\/span><em>Proiectul <\/em><strong><em>Educa\u021bie + <\/em><\/strong>derulat<em><\/em>\u00een cadrul<em>\u00a0<\/em>Programului Erasmus +, Ac\u021biunea K2 Educa\u021bie \u0219colar\u0103 &#8211; 2017-2019;<\/li>\n<li><span><\/span><em>Proiectul <\/em><strong><em>STEM en action<\/em><\/strong><em>, <\/em>derulat<em><\/em>\u00een cadrul<em>\u00a0<\/em>Programului Erasmus + \u00a0Ac\u021biunea K1 Educa\u021bie \u0219colar\u0103 &#8211; 2018-2020;<\/li>\n<\/ul>\n<p><span style=\"font-size: 14px;\">Partener asociat \u00a0pentru proiectul Socrates \u2013 Comenius Ac\u0163iunea 1, \u201eStone to Stone; People to People\u201d, realizat \u00een parteneriat cu \u015ecoala Nr.85 \u201eProf.Vasile Bunescu\u201d \u2013 Bucure\u015fti, \u015fi cu \u015fcoli din Belgia, Italia \u015fi Portugalia \u2013 2002 &#8211; 2005 ;<\/span><\/p>\n<\/li>\n<\/ul>\n<h3 id=\"publicatii\">Publica\u0163ii<\/h3>\n<ul>\n<li>Revista \u201dCoco\u201d &#8211; 1998<\/li>\n<li>Foaia \u201eArgument\u201d &#8211; 2001<\/li>\n<li>Revista \u201eArc-en-Ciel\u201d \u2013 2002, 2003<\/li>\n<li>Foaia de vacan\u0163\u0103 \u201eArc-en-Ciel Estival\u201d 2004 &#8211; 2015<\/li>\n<li>Seria de articole \u201ePentru o pedagogie ortodox\u0103\u201d \u00a0(2006 \u2013 2008) \u015fi \u201e\u015ecoala cre\u015ftin\u0103 f\u0103r\u0103 frontiere\u201d (2008 \u2013 2010) \u00een revista \u201eLumea \u00a0Credin\u0163ei\u201d, Ziarul \u201eLumina\u201d<\/li>\n<\/ul>\n<ul>\n<li><span><\/span>Revista \u201eUniversul copiilor\u201d &#8211; 2009 \u2013 2017 (cu versiune online pentru 2017)<\/li>\n<li><span><\/span>Revista \u201eUniversul copiilor\u201d \u2013 serie nou\u0103 \u2013 2021 \u2013 2022, cu apari\u021bii lunare, online \u0219i tip\u0103rit\u0103;<\/li>\n<li><span><\/span>Albumul \u201eO icoan\u0103 \u2013 un copil\u201d, cuprinz\u00e2nd icoane pe sticl\u0103 realizate de elevii \u0218colii \u00a0<em>Anastasia Popescu, \u00a0\u2013 <\/em>noiembrie 2011;<\/li>\n<li><span><\/span>Volumul omagial dedicat centenarului Anastasia Popescu \u00a0&#8211; noiembrie 2011;<\/li>\n<li><span><\/span><em>Albumul Galeriei Art(h)\u00e9 \u2013 <\/em>2012;<\/li>\n<li><span><\/span>Cartea de colorat pentru copii <em>Bucuria darurilor<\/em>\u2013 edi\u021bie bilingv\u0103 rom\u00e2n\u0103-francez\u0103, \u00een parteneriat cu Asocia\u021bia <em>Arhitect Ionescu Dimitrie Berechet<\/em>\u00a0\u2013 2012;<\/li>\n<li><span><\/span><em>Calendarului Copiilor <\/em>\u0219i <em>Cartea de Rug\u0103ciuni pentru Copiii Mici &#8211; decembrie <\/em>2013, 2014, 2015, 2016;<\/li>\n<li><span><\/span><em>Agenda \u00a0\u0219colar\u0103 \u2013 <\/em>pe anii \u0219colari : 2012-2013, 2013-2014, 2014-2015, 2015-2016, 2016-2017, 2021-2022;<\/li>\n<li><span><\/span><em>Cr\u0103ciunul mincino\u0219ilor \u2013 <\/em>de Ivona Boitan ap\u0103rut\u0103 la Editura \u201eZbor\u201d, a Liceului &#8211; 2018;<\/li>\n<li><span><\/span><em>Insula programatorilor \u2013 <\/em>de Ivona Boitan Editura \u201eZbor\u201d, a Liceului \u2013 2019<\/li>\n<li><span><\/span><em>Ina &#8211; <\/em>de Ivona Boitan Editura \u201eZbor\u201d, a Liceului \u2013 2019;<\/li>\n<li><span><\/span>Articolul <em><\/em><em><i>Proiectul EDUCA\u021aIE + un PLUS de calitate \u00een dezvoltarea strategic\u0103 a \u0219colii <\/i><\/em>&#8211; prof. Sanda Ghioald\u0103 Publica\u021bia <em>\u201eTribuna \u00eenv\u0103\u021b\u0103m\u00e2ntului\u201d <\/em>2019;<\/li>\n<li><span><\/span>Articolul <em><i>Substantivul \u2013 consolidare prin joc<\/i><\/em>\u00a0\u2013 prof. Nicoleta Nedelescu <span><a href=\"http:\/\/www.Didactic.ro\"><u>Didactic.ro<\/u><\/a><\/span>\u00a0\u2013 2019;<\/li>\n<li><span><\/span>Articolul <em>Activit\u0103\u0163i ludice pentru dezvoltarea comunic\u0103rii orale \u0219i scrise \u00een procesul de predare-\u00eenv\u0103\u021bare a limbii franceze<\/em>\u00a0<span><a href=\"http:\/\/www.Didactic.ro\"><u>Didactic.ro<\/u><\/a><\/span>\u00a0&#8211;\u00a0prof. Miruna Lonean \u2013 2019;<\/li>\n<li><span><\/span>Blogul <span><a href=\"http:\/\/www.jocjocjoc.ro\"><u>jocjocjoc.ro<\/u><\/a><\/span><u><span><\/span><\/u><span>\u00a0\u00a0<\/span><span>&#8211;<\/span><span>\u00a0\u00a0\u00a0<\/span><span>2018;<\/span><\/li>\n<li><span><\/span><em><span>101 Jocuri<\/span><\/em><span>\u2013 Ghid de jocuri pentru profesori \u2013 2019; <\/span><\/li>\n<li><span><\/span><em><span>STEM en action<\/span><\/em><span>\u2013 Ghid de activit\u0103\u021bi interdisciplinare pentru profesori \u2013 2020<\/span><\/li>\n<\/ul>\n<p>Varianta \u00een limba francez\u0103<\/p>\n<p>Varianta \u00een limba rom\u00e2n\u0103.<\/p>\n<h3><\/h3>\n<h3 id=\"premii-distinctii-scoala\">Premii \u015fi distinc\u0163ii ob\u0163inute de c\u0103tre \u015fcoal\u0103<\/h3>\n<ul>\n<li>\u00a0Diploma de excelen\u0163\u0103 pentru merite deosebite \u00een folosul comunit\u0103\u0163ii &#8211; Prim\u0103ria Sectorului 2 \u2013 2009, 2014, 2015;<\/li>\n<li>Trofeul Festivalului Na\u0163ional \u201ePrietenii dansului\u201d- mai 2010;<\/li>\n<li>Trofeul Olimpiadei Na\u021bionale de Mind Lab, ob\u021binut de nou\u0103 ori, 2008 \u2013 2013 \u0219i 2015- 2017 \u0219i locul al II-lea, \u00een 2018:<\/li>\n<li>Cupa de bronz la Olimpiada Interna\u021bional\u0103 Mind Lab \u2013 iunie 2012, 2017 \u0219i 2018;<\/li>\n<li>Cupa de argint la Olimpiada Interna\u021bional\u0103 Mind Lab \u2013 august 2013;<\/li>\n<li>Locul I la faza pe municipiu \u0219i la faza na\u021bional\u0103 a concursului Made for Europe \u2013 aprilie 2013;<\/li>\n<li>Titlul de \u0218coal\u0103 European\u0103 \u2013 2014 \u2013 2017;<\/li>\n<li>Premiul I pentru corul \u0219colii \u2013 \u201eSf\u00e2nta Elisabeta\u201d, la Concursul de colinde \u00a0&#8211; decembrie 2015;<\/li>\n<li>Premiul I corul \u0219colii \u2013 \u201eSf\u00e2nta Elisabeta\u201d &#8211; Concurs organizat de Protoieria sectorului 3 &#8211; decembrie 2016;<\/li>\n<li>Participarea corului \u201eSf\u00e2nta Elisabeta\u201d la Premiile Excelsior &#8211; 2017 \u0219i 2018.<\/li>\n<\/ul>\n<ul style=\"margin-left: 2em;\"><\/ul>\n<h3 id=\"premii-distinctii-profesori\">Premii \u015fi distinc\u0163ii ob\u0163inute de c\u0103tre profesori<\/h3>\n<ul>\n<li>Manager European, decernat de ISMB \u2013 prof. Monica \u015eerb\u0103nescu;<\/li>\n<li>Certificat EuroPass Mobility pentru prof. Sanda Ghioald\u0103, Cristina Mari\u015f, Monica \u015eerb\u0103nescu, Marina Vlad (Cioc);<\/li>\n<li>Nominalizare \u201eProfesorul anului 2010\u201d Gala Premiilor in Educatie, prof. Sanda Ghioald\u0103;<\/li>\n<li>Locul I la faza pe municipiu \u0219i la faza na\u021bional\u0103 a concursului Made for Europe \u2013\u00a0 prof. Sanda Ghioald\u0103 &#8211; aprilie 2013;<\/li>\n<li>Titlul de \u0218coal\u0103 European\u0103 \u2013 prof. Monica \u0218erb\u0103nescu &#8211; director general, prof. Sanda Ghioald\u0103- director \u2013 2014;<\/li>\n<li>Locul I la faza na\u021bional\u0103 a Olimpiadei de Mind Lab \u2013 prof. Ana Maria Laz\u0103r (Gheorghiu) (9 edi\u021bii).<\/li>\n<\/ul>\n<p>Propun\u00e2ndu-\u0219i s\u0103 \u00a0ofere copilului un parcurs \u00a0personalizat \u0219i s\u0103 \u00eel preg\u0103teasc\u0103 pentru a face fa\u0163\u0103 schimb\u0103rilor rapide din societate, programele construite de Liceul Pedagogic \u201eAnastasia Popescu\u201d, de la gr\u0103dini\u021b\u0103, la clasele liceale, aduc totodat\u0103 \u00een aten\u021bia familiei \u0219i a factorilor de r\u0103spundere valorile spirituale \u015fi morale care trebuie cultivate cu grij\u0103 \u0219i perseveren\u021b\u0103, astfel \u00eenc\u00e2t s\u0103 devin\u0103 adev\u0103rate repere pentru adolescen\u021bii \u0219i tinerii de m\u00e2ine.<\/p>\n<p>[\/et_pb_text][\/et_pb_column][\/et_pb_row][\/et_pb_section]<\/p>\n","protected":false},"excerpt":{"rendered":"<p>Liceul Pedagogic Ortodox &#8222;Anastasia Popescu&#8221; \u00cenfiin\u021bate de c\u0103tre Funda\u021bia Preasf\u00e2nta Fecioar\u0103 Maria, Gr\u0103dini\u021ba \u201eArc-en-Ciel\u201d, apoi \u0218coala \u201eAnastasia Popescu\u201d \u0219i mai apoi Liceul Pedagogic \u201eAnastasia Popescu\u201d, \u0219i-au pornit activitatea \u00een anul 1994, respectiv 1996. Datorit\u0103 metodelor inovative \u00een educa\u0163ie \u015fi rezultatelor deosebit de bune ob\u0163inute de \u00a0Funda\u0163ia Preasf\u00e2nta Fecioar\u0103 Maria, \u00een anul \u015fcolar 2004-2005, \u00a0aceasta a [&hellip;]<\/p>\n","protected":false},"author":1,"featured_media":0,"parent":0,"menu_order":0,"comment_status":"closed","ping_status":"closed","template":"","meta":{"_et_pb_use_builder":"on","_et_pb_old_content":"","_et_gb_content_width":"","_crdt_document":"","footnotes":""},"class_list":["post-1037","page","type-page","status-publish","hentry"],"_links":{"self":[{"href":"https:\/\/www.anastasiapopescu.ro\/scoala\/wp-json\/wp\/v2\/pages\/1037","targetHints":{"allow":["GET"]}}],"collection":[{"href":"https:\/\/www.anastasiapopescu.ro\/scoala\/wp-json\/wp\/v2\/pages"}],"about":[{"href":"https:\/\/www.anastasiapopescu.ro\/scoala\/wp-json\/wp\/v2\/types\/page"}],"author":[{"embeddable":true,"href":"https:\/\/www.anastasiapopescu.ro\/scoala\/wp-json\/wp\/v2\/users\/1"}],"replies":[{"embeddable":true,"href":"https:\/\/www.anastasiapopescu.ro\/scoala\/wp-json\/wp\/v2\/comments?post=1037"}],"version-history":[{"count":2,"href":"https:\/\/www.anastasiapopescu.ro\/scoala\/wp-json\/wp\/v2\/pages\/1037\/revisions"}],"predecessor-version":[{"id":5300,"href":"https:\/\/www.anastasiapopescu.ro\/scoala\/wp-json\/wp\/v2\/pages\/1037\/revisions\/5300"}],"wp:attachment":[{"href":"https:\/\/www.anastasiapopescu.ro\/scoala\/wp-json\/wp\/v2\/media?parent=1037"}],"curies":[{"name":"wp","href":"https:\/\/api.w.org\/{rel}","templated":true}]}}