{"id":402,"date":"2018-10-08T22:34:26","date_gmt":"2018-10-08T19:34:26","guid":{"rendered":"https:\/\/www.anastasiapopescu.ro\/liceu\/?page_id=402"},"modified":"2018-10-30T20:28:07","modified_gmt":"2018-10-30T17:28:07","slug":"personal-didactic","status":"publish","type":"page","link":"https:\/\/www.anastasiapopescu.ro\/liceu\/personal-didactic\/","title":{"rendered":"Personal didactic"},"content":{"rendered":"<p>[et_pb_section fb_built=&#8221;1&#8243; _builder_version=&#8221;3.16.1&#8243;][et_pb_row _builder_version=&#8221;3.16.1&#8243;][et_pb_column type=&#8221;4_4&#8243; _builder_version=&#8221;3.16.1&#8243; parallax=&#8221;off&#8221; parallax_method=&#8221;on&#8221;][et_pb_text _builder_version=&#8221;3.16.1&#8243;]<\/p>\n<h2>Personalul didactic al Liceului Pedagogic Ortodox &#8222;Anastasia Popescu&#8221;<\/h2>\n<p>[\/et_pb_text][\/et_pb_column][\/et_pb_row][et_pb_row custom_margin=&#8221;||5vh&#8221; _builder_version=&#8221;3.17.2&#8243;][et_pb_column type=&#8221;1_4&#8243; _builder_version=&#8221;3.16.1&#8243; parallax=&#8221;off&#8221; parallax_method=&#8221;on&#8221;][et_pb_team_member name=&#8221;Prof. Mona \u0218erb\u0103nescu&#8221; position=&#8221;Pre\u0219edinte, Director General&#8221; image_url=&#8221;https:\/\/www.anastasiapopescu.ro\/liceu\/wp-content\/uploads\/2018\/10\/prof-Mona-Serbanescu.jpg&#8221; facebook_url=&#8221;https:\/\/www.facebook.com\/mona.serbanescu&#8221; _builder_version=&#8221;3.17.2&#8243; header_font=&#8221;|600|||||||&#8221; header_text_color=&#8221;#000000&#8243; header_font_size=&#8221;16px&#8221; body_font=&#8221;||||||||&#8221; body_text_align=&#8221;justify&#8221; body_font_size=&#8221;12px&#8221; body_font_size_last_edited=&#8221;off|desktop&#8221; body_line_height=&#8221;1.4em&#8221; background_size=&#8221;initial&#8221; background_position=&#8221;bottom_right&#8221; border_radii=&#8221;on|5px|5px|5px|5px&#8221; border_color_all=&#8221;#e6e6e6&#8243; box_shadow_style=&#8221;preset3&#8243; custom_padding=&#8221;6px|6px|6px|6px|true|true&#8221; animation_style=&#8221;slide&#8221; animation_direction=&#8221;bottom&#8221; background_color=&#8221;#f9f9f9&#8243;]<\/p>\n<p>&nbsp;<\/p>\n<p><strong>Catedra<\/strong>: Limba Rom\u00e2na, Limba Francez\u0103<\/p>\n<p><strong>Formare profesional\u0103<\/strong>:<br \/> &#8211; Universitatea Bucure\u0219ti, Facultatea de limbi romanice \u0219i clasice, sec\u021bia Francez\u0103 \u2013 Rom\u00e2n\u0103<br \/> &#8211; Master \u00een Integrare European\u0103 (2006)<br \/> &#8211; Specializare \u00een Management Educa\u021bional (90 de credite, 1999, 2005)<br \/> &#8211; Certificat EuroPass Mobility: formare Limba francez\u0103 &#8211; Dezvoltare Durabil\u0103 &#8211; 2010<br \/> &#8211; Curs mentor \u2013 2011<\/p>\n<p>[\/et_pb_team_member][\/et_pb_column][et_pb_column type=&#8221;1_4&#8243; _builder_version=&#8221;3.16.1&#8243; parallax=&#8221;off&#8221; parallax_method=&#8221;on&#8221;][et_pb_team_member name=&#8221;Prof. Sanda Ghioald\u0103&#8221; position=&#8221;Director&#8221; image_url=&#8221;data:image\/svg+xml;base64,PHN2ZyB3aWR0aD0iNTAwIiBoZWlnaHQ9IjUwMCIgdmlld0JveD0iMCAwIDUwMCA1MDAiIHhtbG5zPSJodHRwOi8vd3d3LnczLm9yZy8yMDAwL3N2ZyI+CiAgICA8ZyBmaWxsPSJub25lIiBmaWxsLXJ1bGU9ImV2ZW5vZGQiPgogICAgICAgIDxwYXRoIGZpbGw9IiNFQkVCRUIiIGQ9Ik0wIDBoNTAwdjUwMEgweiIvPgogICAgICAgIDxyZWN0IGZpbGwtb3BhY2l0eT0iLjEiIGZpbGw9IiMwMDAiIHg9IjY4IiB5PSIzMDUiIHdpZHRoPSIzNjQiIGhlaWdodD0iNTY4IiByeD0iMTgyIi8+CiAgICAgICAgPGNpcmNsZSBmaWxsLW9wYWNpdHk9Ii4xIiBmaWxsPSIjMDAwIiBjeD0iMjQ5IiBjeT0iMTcyIiByPSIxMDAiLz4KICAgIDwvZz4KPC9zdmc+Cg==&#8221; facebook_url=&#8221;https:\/\/www.facebook.com\/sanda.ghioalda&#8221; _builder_version=&#8221;3.17.2&#8243; header_font=&#8221;|600|||||||&#8221; header_text_color=&#8221;#000000&#8243; header_font_size=&#8221;16px&#8221; header_line_height=&#8221;1.2em&#8221; body_font=&#8221;||||||||&#8221; body_font_size=&#8221;12px&#8221; body_font_size_last_edited=&#8221;off|desktop&#8221; body_line_height=&#8221;1.4em&#8221; background_size=&#8221;initial&#8221; background_position=&#8221;bottom_right&#8221; border_radii=&#8221;on|5px|5px|5px|5px&#8221; border_color_all=&#8221;#e6e6e6&#8243; box_shadow_style=&#8221;preset3&#8243; custom_padding=&#8221;6px|6px|6px|6px|true|true&#8221; animation_style=&#8221;slide&#8221; animation_direction=&#8221;bottom&#8221; background_color=&#8221;#f9f9f9&#8243;]<\/p>\n<p>&nbsp;<\/p>\n<p><strong>Catedra<\/strong>: Limba rom\u00e2na, Limba francez\u0103<\/p>\n<p><strong>Formare profesional\u0103<\/strong>:<br \/> &#8211; Universitatea Bucure\u0219ti, Facultatea de limbi romanice \u0219i clasice, sec\u021bia Rom\u00e2n\u0103-Francez\u0103<br \/> &#8211; Curs mentor \u2013 2011<\/p>\n<p>[\/et_pb_team_member][\/et_pb_column][et_pb_column type=&#8221;1_4&#8243; _builder_version=&#8221;3.16.1&#8243; parallax=&#8221;off&#8221; parallax_method=&#8221;on&#8221;][et_pb_team_member name=&#8221;Prof. Andreea \u0218erb\u0103nescu&#8221; position=&#8221;Director Executiv&#8221; image_url=&#8221;data:image\/svg+xml;base64,PHN2ZyB3aWR0aD0iNTAwIiBoZWlnaHQ9IjUwMCIgdmlld0JveD0iMCAwIDUwMCA1MDAiIHhtbG5zPSJodHRwOi8vd3d3LnczLm9yZy8yMDAwL3N2ZyI+CiAgICA8ZyBmaWxsPSJub25lIiBmaWxsLXJ1bGU9ImV2ZW5vZGQiPgogICAgICAgIDxwYXRoIGZpbGw9IiNFQkVCRUIiIGQ9Ik0wIDBoNTAwdjUwMEgweiIvPgogICAgICAgIDxyZWN0IGZpbGwtb3BhY2l0eT0iLjEiIGZpbGw9IiMwMDAiIHg9IjY4IiB5PSIzMDUiIHdpZHRoPSIzNjQiIGhlaWdodD0iNTY4IiByeD0iMTgyIi8+CiAgICAgICAgPGNpcmNsZSBmaWxsLW9wYWNpdHk9Ii4xIiBmaWxsPSIjMDAwIiBjeD0iMjQ5IiBjeT0iMTcyIiByPSIxMDAiLz4KICAgIDwvZz4KPC9zdmc+Cg==&#8221; _builder_version=&#8221;3.17.2&#8243; header_font=&#8221;|600|||||||&#8221; header_text_color=&#8221;#000000&#8243; header_font_size=&#8221;16px&#8221; header_line_height=&#8221;1.2em&#8221; body_font=&#8221;||||||||&#8221; body_font_size=&#8221;12px&#8221; body_font_size_last_edited=&#8221;off|desktop&#8221; body_line_height=&#8221;1.4em&#8221; background_size=&#8221;initial&#8221; background_position=&#8221;bottom_right&#8221; border_radii=&#8221;on|5px|5px|5px|5px&#8221; border_color_all=&#8221;#e6e6e6&#8243; box_shadow_style=&#8221;preset3&#8243; custom_padding=&#8221;6px|6px|6px|6px|true|true&#8221; animation_style=&#8221;slide&#8221; animation_direction=&#8221;bottom&#8221; background_color=&#8221;#f9f9f9&#8243;]<\/p>\n<p>&nbsp;<\/p>\n<p><strong>Catedra<\/strong>: Pian<\/p>\n<p><strong>Formare profesional\u0103<\/strong>:<br \/> Academia de Muzic\u0103 Bucure\u0219ti, Sec\u021bia Muzicologie-Compozi\u021bie<\/p>\n<p>[\/et_pb_team_member][\/et_pb_column][et_pb_column type=&#8221;1_4&#8243; _builder_version=&#8221;3.16.1&#8243; parallax=&#8221;off&#8221; parallax_method=&#8221;on&#8221;][et_pb_team_member name=&#8221;Prof. Maria-Roxana Cioat\u0103-Olteanu&#8221; position=&#8221;Vicepre\u0219edinte&#8221; image_url=&#8221;data:image\/svg+xml;base64,PHN2ZyB3aWR0aD0iNTAwIiBoZWlnaHQ9IjUwMCIgdmlld0JveD0iMCAwIDUwMCA1MDAiIHhtbG5zPSJodHRwOi8vd3d3LnczLm9yZy8yMDAwL3N2ZyI+CiAgICA8ZyBmaWxsPSJub25lIiBmaWxsLXJ1bGU9ImV2ZW5vZGQiPgogICAgICAgIDxwYXRoIGZpbGw9IiNFQkVCRUIiIGQ9Ik0wIDBoNTAwdjUwMEgweiIvPgogICAgICAgIDxyZWN0IGZpbGwtb3BhY2l0eT0iLjEiIGZpbGw9IiMwMDAiIHg9IjY4IiB5PSIzMDUiIHdpZHRoPSIzNjQiIGhlaWdodD0iNTY4IiByeD0iMTgyIi8+CiAgICAgICAgPGNpcmNsZSBmaWxsLW9wYWNpdHk9Ii4xIiBmaWxsPSIjMDAwIiBjeD0iMjQ5IiBjeT0iMTcyIiByPSIxMDAiLz4KICAgIDwvZz4KPC9zdmc+Cg==&#8221; _builder_version=&#8221;3.17.2&#8243; header_font=&#8221;|600|||||||&#8221; header_text_color=&#8221;#000000&#8243; header_font_size=&#8221;16px&#8221; header_line_height=&#8221;1.2em&#8221; body_font=&#8221;||||||||&#8221; body_font_size=&#8221;12px&#8221; body_font_size_last_edited=&#8221;off|desktop&#8221; body_line_height=&#8221;1.4em&#8221; background_size=&#8221;initial&#8221; background_position=&#8221;bottom_right&#8221; border_radii=&#8221;on|5px|5px|5px|5px&#8221; border_color_all=&#8221;#e6e6e6&#8243; box_shadow_style=&#8221;preset3&#8243; custom_padding=&#8221;6px|6px|6px|6px|true|true&#8221; animation_style=&#8221;slide&#8221; animation_direction=&#8221;bottom&#8221; background_color=&#8221;#f9f9f9&#8243;]<\/p>\n<p>&nbsp;<\/p>\n<p><strong>Catedra<\/strong>: Arte Plastice<\/p>\n<p><strong>Formare profesional\u0103<\/strong>:<br \/> Academia de Art\u0103, Bucure\u0219ti, Sec\u021bia Arte plastice \u0219i decorative &#8211; ceramic\u0103<\/p>\n<p>Artist plastic<\/p>\n<p>[\/et_pb_team_member][\/et_pb_column][\/et_pb_row][et_pb_row _builder_version=&#8221;3.16.1&#8243;][et_pb_column type=&#8221;1_4&#8243; _builder_version=&#8221;3.16.1&#8243; parallax=&#8221;off&#8221; parallax_method=&#8221;on&#8221;][et_pb_team_member name=&#8221;Prof. Cristina Diana Mari\u0219&#8221; position=&#8221;Director de Studii&#8221; image_url=&#8221;data:image\/svg+xml;base64,PHN2ZyB3aWR0aD0iNTAwIiBoZWlnaHQ9IjUwMCIgdmlld0JveD0iMCAwIDUwMCA1MDAiIHhtbG5zPSJodHRwOi8vd3d3LnczLm9yZy8yMDAwL3N2ZyI+CiAgICA8ZyBmaWxsPSJub25lIiBmaWxsLXJ1bGU9ImV2ZW5vZGQiPgogICAgICAgIDxwYXRoIGZpbGw9IiNFQkVCRUIiIGQ9Ik0wIDBoNTAwdjUwMEgweiIvPgogICAgICAgIDxyZWN0IGZpbGwtb3BhY2l0eT0iLjEiIGZpbGw9IiMwMDAiIHg9IjY4IiB5PSIzMDUiIHdpZHRoPSIzNjQiIGhlaWdodD0iNTY4IiByeD0iMTgyIi8+CiAgICAgICAgPGNpcmNsZSBmaWxsLW9wYWNpdHk9Ii4xIiBmaWxsPSIjMDAwIiBjeD0iMjQ5IiBjeT0iMTcyIiByPSIxMDAiLz4KICAgIDwvZz4KPC9zdmc+Cg==&#8221; _builder_version=&#8221;3.17.2&#8243; header_font=&#8221;|600|||||||&#8221; header_font_size=&#8221;16px&#8221; body_font=&#8221;||||||||&#8221; body_font_size=&#8221;12px&#8221; body_font_size_last_edited=&#8221;off|desktop&#8221; body_line_height=&#8221;1.4em&#8221; background_size=&#8221;initial&#8221; background_position=&#8221;bottom_right&#8221; border_radii=&#8221;on|5px|5px|5px|5px&#8221; border_color_all=&#8221;#e6e6e6&#8243; box_shadow_style=&#8221;preset3&#8243; custom_padding=&#8221;6px|6px|6px|6px|true|true&#8221; animation_style=&#8221;slide&#8221; animation_direction=&#8221;bottom&#8221; background_color=&#8221;#f9f9f9&#8243;]<\/p>\n<p>&nbsp;<\/p>\n<p><strong>Catedra<\/strong>: Muzic\u0103; Limba francez\u0103<\/p>\n<p><strong>Formare profesional\u0103<\/strong>:<br \/> &#8211; Universitatea de Muzic\u0103 Bucure\u0219ti, Sec\u021bia Pedagogie Muzical\u0103<br \/> &#8211; Certificat EuroPass Mobility: formare Limba francez\u0103 &#8211; Dezvoltare Durabil\u0103 &#8211;\u00a0 2010<\/p>\n<p>[\/et_pb_team_member][\/et_pb_column][et_pb_column type=&#8221;1_4&#8243; _builder_version=&#8221;3.16.1&#8243; parallax=&#8221;off&#8221; parallax_method=&#8221;on&#8221;][et_pb_team_member name=&#8221;Ileana Z\u0103rnescu&#8221; position=&#8221;Psiholog&#8221; image_url=&#8221;data:image\/svg+xml;base64,PHN2ZyB3aWR0aD0iNTAwIiBoZWlnaHQ9IjUwMCIgdmlld0JveD0iMCAwIDUwMCA1MDAiIHhtbG5zPSJodHRwOi8vd3d3LnczLm9yZy8yMDAwL3N2ZyI+CiAgICA8ZyBmaWxsPSJub25lIiBmaWxsLXJ1bGU9ImV2ZW5vZGQiPgogICAgICAgIDxwYXRoIGZpbGw9IiNFQkVCRUIiIGQ9Ik0wIDBoNTAwdjUwMEgweiIvPgogICAgICAgIDxyZWN0IGZpbGwtb3BhY2l0eT0iLjEiIGZpbGw9IiMwMDAiIHg9IjY4IiB5PSIzMDUiIHdpZHRoPSIzNjQiIGhlaWdodD0iNTY4IiByeD0iMTgyIi8+CiAgICAgICAgPGNpcmNsZSBmaWxsLW9wYWNpdHk9Ii4xIiBmaWxsPSIjMDAwIiBjeD0iMjQ5IiBjeT0iMTcyIiByPSIxMDAiLz4KICAgIDwvZz4KPC9zdmc+Cg==&#8221; _builder_version=&#8221;3.17.2&#8243; header_font=&#8221;|600|||||||&#8221; header_font_size=&#8221;16px&#8221; body_font=&#8221;||||||||&#8221; body_font_size=&#8221;12px&#8221; body_font_size_last_edited=&#8221;off|desktop&#8221; body_line_height=&#8221;1.4em&#8221; background_size=&#8221;initial&#8221; background_position=&#8221;bottom_right&#8221; border_radii=&#8221;on|5px|5px|5px|5px&#8221; border_color_all=&#8221;#e6e6e6&#8243; box_shadow_style=&#8221;preset3&#8243; custom_padding=&#8221;6px|6px|6px|6px|true|true&#8221; animation_style=&#8221;slide&#8221; animation_direction=&#8221;bottom&#8221; background_color=&#8221;#f9f9f9&#8243;]<\/p>\n<p>&nbsp;<\/p>\n<p><strong>Formare profesional\u0103<\/strong>:<br \/> &#8211; Universitatea Hyperion \u2013 Facultatea de Psihologie \u2013 Sociologie \u0219i \u0218tiin\u021be Politice<br \/> &#8211; Universitatea Titu Maiorescu \u2013 Master Psihoterapie Cognitiv \u2013\u00a0 Comportamentala<\/p>\n<p><strong>Atestat de libera practica<\/strong>:<br \/> &#8211; Psihoterapie \u0219i consiliere cognitiv \u2013 comportamental\u0103<br \/> &#8211; Psihologia muncii<\/p>\n<p>[\/et_pb_team_member][\/et_pb_column][et_pb_column type=&#8221;1_4&#8243; _builder_version=&#8221;3.16.1&#8243; parallax=&#8221;off&#8221; parallax_method=&#8221;on&#8221;][et_pb_team_member name=&#8221;Ing. Gabriela Bogdan&#8221; position=&#8221;Director Resurse Umane&#8221; image_url=&#8221;data:image\/svg+xml;base64,PHN2ZyB3aWR0aD0iNTAwIiBoZWlnaHQ9IjUwMCIgdmlld0JveD0iMCAwIDUwMCA1MDAiIHhtbG5zPSJodHRwOi8vd3d3LnczLm9yZy8yMDAwL3N2ZyI+CiAgICA8ZyBmaWxsPSJub25lIiBmaWxsLXJ1bGU9ImV2ZW5vZGQiPgogICAgICAgIDxwYXRoIGZpbGw9IiNFQkVCRUIiIGQ9Ik0wIDBoNTAwdjUwMEgweiIvPgogICAgICAgIDxyZWN0IGZpbGwtb3BhY2l0eT0iLjEiIGZpbGw9IiMwMDAiIHg9IjY4IiB5PSIzMDUiIHdpZHRoPSIzNjQiIGhlaWdodD0iNTY4IiByeD0iMTgyIi8+CiAgICAgICAgPGNpcmNsZSBmaWxsLW9wYWNpdHk9Ii4xIiBmaWxsPSIjMDAwIiBjeD0iMjQ5IiBjeT0iMTcyIiByPSIxMDAiLz4KICAgIDwvZz4KPC9zdmc+Cg==&#8221; _builder_version=&#8221;3.17.2&#8243; header_font=&#8221;|600|||||||&#8221; header_font_size=&#8221;16px&#8221; body_font=&#8221;||||||||&#8221; body_font_size=&#8221;12px&#8221; body_font_size_last_edited=&#8221;off|desktop&#8221; body_line_height=&#8221;1.4em&#8221; background_size=&#8221;initial&#8221; background_position=&#8221;bottom_right&#8221; border_radii=&#8221;on|5px|5px|5px|5px&#8221; border_color_all=&#8221;#e6e6e6&#8243; box_shadow_style=&#8221;preset3&#8243; custom_padding=&#8221;6px|6px|6px|6px|true|true&#8221; animation_style=&#8221;slide&#8221; animation_direction=&#8221;bottom&#8221; background_color=&#8221;#f9f9f9&#8243;]<\/p>\n<p>&nbsp;<\/p>\n<p><strong>Formare profesional\u0103<\/strong>: Institutul Politehnic Bucure\u0219ti<\/p>\n<p><strong>Specializare<\/strong>: &#8211; Resurse Umane (2007)<\/p>\n<p>[\/et_pb_team_member][\/et_pb_column][et_pb_column type=&#8221;1_4&#8243; _builder_version=&#8221;3.16.1&#8243; parallax=&#8221;off&#8221; parallax_method=&#8221;on&#8221;][et_pb_team_member name=&#8221;Ec. Daniel Alexandru&#8221; position=&#8221;Director administrativ&#8221; image_url=&#8221;data:image\/svg+xml;base64,PHN2ZyB3aWR0aD0iNTAwIiBoZWlnaHQ9IjUwMCIgdmlld0JveD0iMCAwIDUwMCA1MDAiIHhtbG5zPSJodHRwOi8vd3d3LnczLm9yZy8yMDAwL3N2ZyI+CiAgICA8ZyBmaWxsPSJub25lIiBmaWxsLXJ1bGU9ImV2ZW5vZGQiPgogICAgICAgIDxwYXRoIGZpbGw9IiNFQkVCRUIiIGQ9Ik0wIDBoNTAwdjUwMEgweiIvPgogICAgICAgIDxyZWN0IGZpbGwtb3BhY2l0eT0iLjEiIGZpbGw9IiMwMDAiIHg9IjY4IiB5PSIzMDUiIHdpZHRoPSIzNjQiIGhlaWdodD0iNTY4IiByeD0iMTgyIi8+CiAgICAgICAgPGNpcmNsZSBmaWxsLW9wYWNpdHk9Ii4xIiBmaWxsPSIjMDAwIiBjeD0iMjQ5IiBjeT0iMTcyIiByPSIxMDAiLz4KICAgIDwvZz4KPC9zdmc+Cg==&#8221; _builder_version=&#8221;3.17.2&#8243; header_font=&#8221;|600|||||||&#8221; header_font_size=&#8221;16px&#8221; body_font=&#8221;||||||||&#8221; body_font_size=&#8221;12px&#8221; body_font_size_last_edited=&#8221;off|desktop&#8221; body_line_height=&#8221;1.4em&#8221; background_size=&#8221;initial&#8221; background_position=&#8221;bottom_right&#8221; border_radii=&#8221;on|5px|5px|5px|5px&#8221; border_color_all=&#8221;#e6e6e6&#8243; box_shadow_style=&#8221;preset3&#8243; custom_padding=&#8221;6px|6px|6px|6px|true|true&#8221; animation_style=&#8221;slide&#8221; animation_direction=&#8221;bottom&#8221; background_color=&#8221;#f9f9f9&#8243;]<\/p>\n<p>&nbsp;<\/p>\n<p><strong>Formare profesional\u0103<\/strong>: Universitatea Hyperion, Facultatea \u201e Afaceri interna\u021bionale\u201d<\/p>\n<p><strong>Master<\/strong>: Universitatea Politehnic\u0103 Bucure\u0219ti \u201eAntreprenoriat \u0219i ingineria afacerilor\u201d<\/p>\n<p>[\/et_pb_team_member][\/et_pb_column][\/et_pb_row][\/et_pb_section]<\/p>\n","protected":false},"excerpt":{"rendered":"<p>Personalul didactic al Liceului Pedagogic Ortodox &#8222;Anastasia Popescu&#8221; &nbsp; Catedra: Limba Rom\u00e2na, Limba Francez\u0103 Formare profesional\u0103: &#8211; Universitatea Bucure\u0219ti, Facultatea de limbi romanice \u0219i clasice, sec\u021bia Francez\u0103 \u2013 Rom\u00e2n\u0103 &#8211; Master \u00een Integrare European\u0103 (2006) &#8211; Specializare \u00een Management Educa\u021bional (90 de credite, 1999, 2005) &#8211; Certificat EuroPass Mobility: formare Limba francez\u0103 &#8211; Dezvoltare Durabil\u0103 [&hellip;]<\/p>\n","protected":false},"author":1,"featured_media":0,"parent":0,"menu_order":0,"comment_status":"closed","ping_status":"closed","template":"","meta":{"_et_pb_use_builder":"on","_et_pb_old_content":"","_et_gb_content_width":"","_crdt_document":"","footnotes":""},"class_list":["post-402","page","type-page","status-publish","hentry"],"_links":{"self":[{"href":"https:\/\/www.anastasiapopescu.ro\/liceu\/wp-json\/wp\/v2\/pages\/402","targetHints":{"allow":["GET"]}}],"collection":[{"href":"https:\/\/www.anastasiapopescu.ro\/liceu\/wp-json\/wp\/v2\/pages"}],"about":[{"href":"https:\/\/www.anastasiapopescu.ro\/liceu\/wp-json\/wp\/v2\/types\/page"}],"author":[{"embeddable":true,"href":"https:\/\/www.anastasiapopescu.ro\/liceu\/wp-json\/wp\/v2\/users\/1"}],"replies":[{"embeddable":true,"href":"https:\/\/www.anastasiapopescu.ro\/liceu\/wp-json\/wp\/v2\/comments?post=402"}],"version-history":[{"count":0,"href":"https:\/\/www.anastasiapopescu.ro\/liceu\/wp-json\/wp\/v2\/pages\/402\/revisions"}],"wp:attachment":[{"href":"https:\/\/www.anastasiapopescu.ro\/liceu\/wp-json\/wp\/v2\/media?parent=402"}],"curies":[{"name":"wp","href":"https:\/\/api.w.org\/{rel}","templated":true}]}}