{"id":174,"date":"2018-10-04T00:02:35","date_gmt":"2018-10-03T21:02:35","guid":{"rendered":"https:\/\/www.anastasiapopescu.ro\/liceu\/?page_id=174"},"modified":"2024-05-14T03:35:38","modified_gmt":"2024-05-14T00:35:38","slug":"contributii-si-program","status":"publish","type":"page","link":"https:\/\/www.anastasiapopescu.ro\/liceu\/contributii-si-program\/","title":{"rendered":"Contribu\u021bii \u0219i program"},"content":{"rendered":"<p>[et_pb_section fb_built=&#8221;1&#8243; _builder_version=&#8221;4.16&#8243; background_size=&#8221;initial&#8221; custom_padding=&#8221;27px|0px|27px|0px|false|false&#8221; global_colors_info=&#8221;{}&#8221;][et_pb_row _builder_version=&#8221;4.16&#8243; global_colors_info=&#8221;{}&#8221;][et_pb_column type=&#8221;4_4&#8243; _builder_version=&#8221;4.16&#8243; custom_padding=&#8221;|||&#8221; global_colors_info=&#8221;{}&#8221; custom_padding__hover=&#8221;|||&#8221;][et_pb_blurb title=&#8221;Contribu\u021bii valabile pentru anul \u0219colar 2024 &#8211; 2025&#8243; use_icon=&#8221;on&#8221; icon_placement=&#8221;left&#8221; image_icon_width=&#8221;3em&#8221; _builder_version=&#8221;4.21.0&#8243; header_font=&#8221;|600|||||||&#8221; header_text_align=&#8221;center&#8221; body_font=&#8221;||||||||&#8221; body_font_size=&#8221;16px&#8221; custom_padding=&#8221;||5vh&#8221; icon_font_size=&#8221;3em&#8221; global_colors_info=&#8221;{}&#8221;]<\/p>\n<p style=\"text-align: center;\"><strong style=\"font-size: 16px;\">3950 EUR \/ an \u0219colar<\/strong><span style=\"font-size: 16px;\"> (1 septembrie &#8211; 30 iunie)<\/span><\/p>\n<p style=\"text-align: center;\">Masa de pr\u00e2nz: <strong>26 RON \/ zi<\/strong><\/p>\n<p>[\/et_pb_blurb][\/et_pb_column][\/et_pb_row][et_pb_row _builder_version=&#8221;4.16&#8243; background_size=&#8221;initial&#8221; global_colors_info=&#8221;{}&#8221;][et_pb_column type=&#8221;4_4&#8243; _builder_version=&#8221;4.16&#8243; custom_padding=&#8221;|||&#8221; global_colors_info=&#8221;{}&#8221; custom_padding__hover=&#8221;|||&#8221;][et_pb_text _builder_version=&#8221;4.16&#8243; text_font=&#8221;||||||||&#8221; text_font_size=&#8221;16px&#8221; text_line_height=&#8221;1.8em&#8221; global_colors_info=&#8221;{}&#8221;]<\/p>\n<h3>Oferta educa\u0163ional\u0103 de baz\u0103 &#8211; profilul pedagogic<\/h3>\n<p>Desf\u0103\u015furarea activit\u0103\u0163ilor din ciclul achizi\u0163iilor fundamentale &#8211; conform Planului cadru de \u00eenv\u0103\u021b\u0103m\u00e2nt avizat prin OMECTS nr.\u00a0 5347\/07.09.2011 privind aprobarea planurilor &#8211; cadru de \u00eenv\u0103\u021b\u0103m\u00e2nt pentru clasele a IX-a \u2013 a XII-a, filiera voca\u021bional\u0103, profilul pedagogic, pe ariile curriculare.<\/p>\n<p>[\/et_pb_text][et_pb_text _builder_version=&#8221;4.16&#8243; text_font=&#8221;||||||||&#8221; text_font_size=&#8221;16px&#8221; header_font=&#8221;||||||||&#8221; text_orientation=&#8221;justified&#8221; global_colors_info=&#8221;{}&#8221;]<\/p>\n<ul>\n<li>\n<p>Program educa\u021bional:\u00a0<strong>8.00 \u2013 14.00 \/15.00<\/strong><\/p>\n<\/li>\n<li>\n<p>Activit\u0103\u021bi cultural-\u0219tiin\u021bifice organizate de \u0219coal\u0103, cu participare op\u021bional\u0103:\u00a0<strong>15.00 \u2013 18.00<\/strong><\/p>\n<\/li>\n<\/ul>\n<p>[\/et_pb_text][\/et_pb_column][\/et_pb_row][et_pb_row column_structure=&#8221;1_2,1_2&#8243; _builder_version=&#8221;4.16&#8243; background_image=&#8221;https:\/\/www.anastasiapopescu.ro\/liceu\/wp-content\/uploads\/2018\/10\/logo-bg-liceu.png&#8221; background_size=&#8221;contain&#8221; custom_padding=&#8221;5vh||5vh||true|&#8221; hover_enabled=&#8221;0&#8243; global_colors_info=&#8221;{}&#8221; sticky_enabled=&#8221;0&#8243;][et_pb_column type=&#8221;1_2&#8243; _builder_version=&#8221;4.16&#8243; global_colors_info=&#8221;{}&#8221;][et_pb_text _builder_version=&#8221;4.16&#8243; text_font_size=&#8221;16px&#8221; global_colors_info=&#8221;{}&#8221;]<\/p>\n<h4><strong>Clasa a IX-a<\/strong><\/h4>\n<p><strong>I. Limba \u015fi Comunicare<\/strong><\/p>\n<ul>\n<li>Limba \u0219i literatura rom\u00e2n\u0103: <strong>3 ore<\/strong> de literatur\u0103 rom\u00e2n\u0103 + <strong>1 or\u0103<\/strong> de gramatic\u0103<\/li>\n<li>Limba modern\u0103 1 (limba englez\u0103): <strong>2 ore<\/strong><\/li>\n<li>Limba modern\u0103 2 (limba francez\u0103): <strong>2 ore<\/strong><\/li>\n<\/ul>\n<p><strong>II. Matematic\u0103 \u015fi \u015ftiin\u0163ele naturii<\/strong><\/p>\n<ul>\n<li>Matematic\u0103: <strong>2 ore <\/strong><\/li>\n<li>Fizic\u0103: <strong>1 or\u0103<\/strong><\/li>\n<li>Chimie: <strong>1 or\u0103<\/strong><\/li>\n<li>Biologie: <strong>1 or\u0103<\/strong><\/li>\n<\/ul>\n<p><strong>III. Om \u015fi societate<\/strong><\/p>\n<ul>\n<li>Religie: <strong>1 or\u0103<\/strong><\/li>\n<li>Istorie: <strong>1 or\u0103<\/strong><\/li>\n<li>Geografie: <strong>1 or\u0103<\/strong><\/li>\n<li>Socio-umane: <strong>1 or\u0103<\/strong><\/li>\n<li>Discipline psihologice \u015fi pedagogice: <strong>3 ore<\/strong> (Tehnici de comunicare, Introducere \u00een pedagogie)<\/li>\n<\/ul>\n<p><strong>IV. Arte<\/strong><\/p>\n<ul>\n<li>Educa\u021bie muzical\u0103: <strong>1 or\u0103<\/strong><\/li>\n<li>Educa\u021bie plastic\u0103: <strong>1 or\u0103<\/strong><\/li>\n<\/ul>\n<p><strong>V. Educa\u021bie fizic\u0103 \u0219i sport<\/strong><\/p>\n<ul>\n<li>Educa\u021bie fizic\u0103: <strong>1 or\u0103<\/strong><\/li>\n<\/ul>\n<p><strong>VI. Tehnologii<\/strong><\/p>\n<ul>\n<li>Tehnologia informa\u0163iei \u015fi comunica\u0163iilor: <strong>2 ore<\/strong><\/li>\n<li>Preg\u0103tire practic\u0103 \u015fi de specialitate: <strong>3 ore<\/strong><\/li>\n<li>Curriculum la decizia \u0219colii: &#8211; Limba german\u0103 prin teatru: <strong>1 or\u0103<\/strong><\/li>\n<li>Metode \u0219i tehnici de \u00eenv\u0103\u021bare: <strong>1 or\u0103<\/strong><\/li>\n<\/ul>\n<p>[\/et_pb_text][\/et_pb_column][et_pb_column type=&#8221;1_2&#8243; _builder_version=&#8221;4.16&#8243; global_colors_info=&#8221;{}&#8221;][et_pb_text _builder_version=&#8221;4.16&#8243; text_font_size=&#8221;16px&#8221; global_colors_info=&#8221;{}&#8221;]<\/p>\n<h4><strong>Clasa a X-a<\/strong><\/h4>\n<p><strong>I. Limba \u015fi Comunicare<\/strong><\/p>\n<ul>\n<li>Limba \u0219i literatura rom\u00e2n\u0103: <strong>3 ore<\/strong> de literatur\u0103 rom\u00e2n\u0103 + <strong>1 or\u0103<\/strong> de gramatic\u0103<\/li>\n<li>Limba modern\u0103 1 (limba englez\u0103): <strong>2 ore<\/strong><\/li>\n<li>Limba modern\u0103 2 (limba francez\u0103): <strong>2 ore<\/strong><\/li>\n<\/ul>\n<p><strong>II. Matematic\u0103 \u015fi \u015ftiin\u0163ele naturii<\/strong><\/p>\n<ul>\n<li>Matematic\u0103: <strong>2 ore <\/strong><\/li>\n<li>Fizic\u0103: <strong>1 or\u0103<\/strong><\/li>\n<li>Chimie: <strong>1 or\u0103<\/strong><\/li>\n<li>Biologie: <strong>1 or\u0103<\/strong><\/li>\n<\/ul>\n<p><strong>III. Om \u015fi societate<\/strong><\/p>\n<ul>\n<li>Religie: <strong>1 or\u0103<\/strong><\/li>\n<li>Istorie: <strong>1 or\u0103<\/strong><\/li>\n<li>Geografie: <strong>1 or\u0103<\/strong><\/li>\n<li>Psihologie: <strong>1 or\u0103<\/strong><\/li>\n<li>Discipline psihologice \u015fi pedagogice: <strong>3 ore<\/strong> (Psihologie, Teoria \u0219i practica instruirii)<\/li>\n<\/ul>\n<p><strong>IV. Arte<\/strong><\/p>\n<ul>\n<li>Educa\u021bie muzical\u0103: <strong>1 or\u0103<\/strong><\/li>\n<li>Educa\u021bie plastic\u0103: <strong>1 or\u0103<\/strong><\/li>\n<\/ul>\n<p><strong>V. Educa\u021bie fizic\u0103 \u0219i sport<\/strong><\/p>\n<ul>\n<li>Educa\u021bie fizic\u0103: <strong>1 or\u0103<\/strong><\/li>\n<\/ul>\n<p><strong>VI. Tehnologii<\/strong><\/p>\n<ul>\n<li>Tehnologia informa\u0163iei \u015fi comunica\u0163iilor: <strong>2 ore<\/strong><\/li>\n<li>Preg\u0103tire practic\u0103 \u015fi de specialitate: <strong>3 ore<\/strong><\/li>\n<li>Educa\u021bie antreprenorial\u0103: <strong>1 or\u0103<\/strong><\/li>\n<li>Curriculum la decizia \u0219colii: &#8211; Limba german\u0103 prin teatru: <strong>1 or\u0103<\/strong><\/li>\n<li>Starea de bine: <strong style=\"font-size: 14px;\">1 or\u0103<\/strong><\/li>\n<\/ul>\n<p>[\/et_pb_text][\/et_pb_column][\/et_pb_row][et_pb_row column_structure=&#8221;1_2,1_2&#8243; _builder_version=&#8221;4.16&#8243; global_colors_info=&#8221;{}&#8221;][et_pb_column type=&#8221;1_2&#8243; _builder_version=&#8221;4.16&#8243; global_colors_info=&#8221;{}&#8221;][et_pb_text _builder_version=&#8221;4.16&#8243; text_font_size=&#8221;16px&#8221; global_colors_info=&#8221;{}&#8221;]<\/p>\n<h4><strong>Clasa a XI-a<\/strong><\/h4>\n<p><strong>I. Limba \u015fi Comunicare<\/strong><\/p>\n<ul>\n<li>Limba \u0219i literatura rom\u00e2n\u0103: <strong>3 ore<\/strong> de literatur\u0103 rom\u00e2n\u0103 + <strong>1 or\u0103<\/strong> de gramatic\u0103<\/li>\n<li>Metodica pred\u0103rii limbii \u0219i literaturii rom\u00e2ne: <strong>1 or\u0103<\/strong><\/li>\n<li>Limba modern\u0103 1 (limba englez\u0103): <strong>2 ore<\/strong><\/li>\n<li>Limba modern\u0103 2 (limba francez\u0103): <strong>2 ore<\/strong><\/li>\n<\/ul>\n<p><strong>II. Matematic\u0103 \u015fi \u015ftiin\u0163ele naturii<\/strong><\/p>\n<ul>\n<li>Matematic\u0103: <strong>2 ore <\/strong><\/li>\n<li>Aritmetic\u0103: <strong>1 or\u0103<\/strong><\/li>\n<li>Metodica pred\u0103rii activit\u0103\u021bilor matematice: <strong>1 or\u0103<\/strong><\/li>\n<li>\u0218tiin\u021be ale naturii: <strong>1 or\u0103<\/strong><\/li>\n<li>Metodica pred\u0103rii \u0219tiin\u021belor naturii: <strong>1 or\u0103<\/strong><\/li>\n<\/ul>\n<p><strong>III. Om \u015fi societate<\/strong><\/p>\n<ul>\n<li>Religie: <strong>1 or\u0103<\/strong><\/li>\n<li>Istorie: <strong>1 or\u0103<\/strong><\/li>\n<li>Geografie: <strong>1 or\u0103<\/strong><\/li>\n<li>Metodica pred\u0103rii istoriei \u0219i geografiei: <strong>1 or\u0103<\/strong><\/li>\n<li>Socio-umane: <strong>1 or\u0103<\/strong><\/li>\n<li>Discipline psihologice \u015fi pedagogice: <strong>3 ore<\/strong> (Managementul clasei de elevi, Psihologia v\u00e2rstelor)<\/li>\n<\/ul>\n<p><strong>IV. Arte<\/strong><\/p>\n<ul>\n<li>Educa\u021bie muzical\u0103 \u0219i educa\u021bie plastic\u0103: <strong>1 or\u0103<\/strong><\/li>\n<li>Metodica pred\u0103rii educa\u021biei muzicale \u0219i a educa\u021biei plastice: <strong>1 or\u0103<\/strong><\/li>\n<\/ul>\n<p><strong>V. Educa\u021bie fizic\u0103 \u0219i sport<\/strong><\/p>\n<ul>\n<li>Educa\u021bie fizic\u0103: <strong>1 or\u0103<\/strong><\/li>\n<li>Metodica pred\u0103rii educa\u021biei fizice: <strong>1 or\u0103<\/strong><\/li>\n<\/ul>\n<p><strong>VI. Tehnologii<\/strong><\/p>\n<ul>\n<li>Tehnologia informa\u0163iei \u015fi comunica\u0163iilor: <strong>1 or\u0103<\/strong><\/li>\n<li>Preg\u0103tire practic\u0103 \u015fi de specialitate: <strong>4 ore<\/strong><\/li>\n<li>Educa\u021bie antreprenorial\u0103: <strong>1 or\u0103<\/strong><\/li>\n<li>Curriculum la decizia \u0219colii:<br \/>&#8211; Limba german\u0103 prin teatru: <strong>1 or\u0103<br \/><\/strong>&#8211; Istoria pedagogiei rom\u00e2ne\u0219ti: <strong>1 or\u0103<\/strong><\/li>\n<\/ul>\n<p>[\/et_pb_text][\/et_pb_column][et_pb_column type=&#8221;1_2&#8243; _builder_version=&#8221;4.16&#8243; global_colors_info=&#8221;{}&#8221;][et_pb_text _builder_version=&#8221;4.16&#8243; text_font_size=&#8221;16px&#8221; global_colors_info=&#8221;{}&#8221;]<\/p>\n<h4><strong>Clasa a XII-a<\/strong><\/h4>\n<p><strong>I. Limba \u015fi Comunicare<\/strong><\/p>\n<ul>\n<li>Limba \u0219i literatura rom\u00e2n\u0103: <strong>3 ore<\/strong> de literatur\u0103 rom\u00e2n\u0103 + <strong>1 or\u0103<\/strong> de gramatic\u0103<\/li>\n<li>Limba modern\u0103 1 (limba englez\u0103): <strong>2 ore<\/strong><\/li>\n<li>Limba modern\u0103 2 (limba francez\u0103): <strong>2 ore<\/strong><\/li>\n<\/ul>\n<p><strong>II. Matematic\u0103 \u015fi \u015ftiin\u0163ele naturii<\/strong><\/p>\n<ul>\n<li>Matematic\u0103: <strong>2 ore <\/strong><\/li>\n<li>Aritmetic\u0103: <strong>1 or\u0103<\/strong><\/li>\n<li>\u0218tiin\u021be ale naturii: <strong>2 ore<\/strong><\/li>\n<\/ul>\n<p><strong>III. Om \u015fi societate<\/strong><\/p>\n<ul>\n<li>Religie: <strong>1 or\u0103<\/strong><\/li>\n<li>Istorie: <strong>1 or\u0103<\/strong><\/li>\n<li>Geografie: <strong>1 or\u0103<\/strong><\/li>\n<li>Socio-umane: <strong>1 or\u0103<\/strong><\/li>\n<li>Discipline psihologice \u015fi pedagogice: <strong>3 ore<\/strong> (Psihopedagoie special\u0103, Psihologia educa\u021biei, Didactici inovative \u00een viziune transdisciplinar\u0103)<\/li>\n<\/ul>\n<p><strong>IV. Arte<\/strong><\/p>\n<ul>\n<li>Educa\u021bie muzical\u0103: <strong>1 or\u0103<\/strong><\/li>\n<li>Educa\u021biei vizual\u0103: <strong>1 or\u0103<\/strong><\/li>\n<\/ul>\n<p><strong>V. Educa\u021bie fizic\u0103 \u0219i sport<\/strong><\/p>\n<ul>\n<li>Educa\u021bie fizic\u0103: <strong>1 or\u0103<\/strong><\/li>\n<\/ul>\n<p><strong>VI. Tehnologii<\/strong><\/p>\n<ul>\n<li>Tehnologia informa\u0163iei \u015fi comunica\u0163iilor: <strong>1 or\u0103<\/strong><\/li>\n<li>Preg\u0103tire practic\u0103 \u015fi de specialitate: <strong>4 ore<\/strong><\/li>\n<li>Educa\u021bie antreprenorial\u0103: <strong>1 or\u0103<\/strong><\/li>\n<li>Curriculum la decizia \u0219colii:<br \/>&#8211; Limba german\u0103 prin teatru: <strong>1 or\u0103<br \/><\/strong>&#8211; Alternative educa\u021bionale: <strong>1 or\u0103<\/strong><\/li>\n<\/ul>\n<p>&nbsp;<\/p>\n<p>[\/et_pb_text][\/et_pb_column][\/et_pb_row][et_pb_row _builder_version=&#8221;4.16&#8243; global_colors_info=&#8221;{}&#8221;][et_pb_column type=&#8221;4_4&#8243; _builder_version=&#8221;4.16&#8243; global_colors_info=&#8221;{}&#8221;][et_pb_divider _builder_version=&#8221;4.16&#8243; custom_padding=&#8221;||11px|||&#8221; global_colors_info=&#8221;{}&#8221;][\/et_pb_divider][et_pb_text _builder_version=&#8221;4.16&#8243; text_font=&#8221;||||||||&#8221; text_font_size=&#8221;16px&#8221; text_line_height=&#8221;1.8em&#8221; locked=&#8221;off&#8221; global_colors_info=&#8221;{}&#8221; custom_margin=&#8221;||34px|||&#8221;]<\/p>\n<h3><\/h3>\n<h3>Oferta educa\u0163ional\u0103 de baz\u0103 &#8211; specializ\u0103rile filologie \u0219i \u0219tiin\u021be sociale<\/h3>\n<p>Desf\u0103\u015furarea activit\u0103\u0163ilor din ciclul achizi\u0163iilor fundamentale &#8211; conform Planului cadru de \u00eenv\u0103\u021b\u0103m\u00e2nt avizat prin OME nr.\u00a0 3410\/16.03.2009 privind aprobarea planurilor &#8211; cadru de \u00eenv\u0103\u021b\u0103m\u00e2nt pentru clasele a IX-a \u2013 a XII-a, filiera teoretic\u0103, profilul umanist, specializ\u0103rile filologie \u0219i \u0219tiin\u021be sociale.<\/p>\n<p>[\/et_pb_text][et_pb_text _builder_version=&#8221;4.16&#8243; text_font=&#8221;||||||||&#8221; text_font_size=&#8221;16px&#8221; header_font=&#8221;||||||||&#8221; text_orientation=&#8221;justified&#8221; locked=&#8221;off&#8221; global_colors_info=&#8221;{}&#8221;]<\/p>\n<ul>\n<li>\n<p>Program educa\u021bional:\u00a0<strong>8.00 \u2013 14.00 \/15.00<\/strong><\/p>\n<\/li>\n<li>\n<p>Activit\u0103\u021bi cultural-\u0219tiin\u021bifice organizate de \u0219coal\u0103, cu participare op\u021bional\u0103:\u00a0<strong>15.00 \u2013 18.00<\/strong><\/p>\n<p><strong><\/strong><\/p>\n<\/li>\n<\/ul>\n<p>[\/et_pb_text][et_pb_text _builder_version=&#8221;4.16&#8243; text_font_size=&#8221;16px&#8221; global_colors_info=&#8221;{}&#8221; locked=&#8221;off&#8221; width=&#8221;55.1%&#8221; custom_padding=&#8221;9px|||30px||&#8221; custom_margin=&#8221;54px|||513px||&#8221; min_height=&#8221;925.5px&#8221;]<\/p>\n<h4><strong><\/strong><\/h4>\n<p><strong><\/strong><\/p>\n<h4><strong>Clasa a X-a<\/strong><\/h4>\n<p><strong>I. Limba \u015fi Comunicare<\/strong><\/p>\n<ul>\n<li>Limba \u0219i literatura rom\u00e2n\u0103: <strong>4 ore<\/strong>\u00a0<\/li>\n<li>Limba modern\u0103 1 (limba englez\u0103): <strong>3\u00a0ore<\/strong><\/li>\n<li>Limba modern\u0103 2 (limba francez\u0103): <strong>2 ore<\/strong><\/li>\n<li>Limba latin\u0103: <strong>1 or\u0103<\/strong><\/li>\n<\/ul>\n<p><strong>II. Matematic\u0103 \u015fi \u015ftiin\u0163ele naturii<\/strong><\/p>\n<ul>\n<li>Matematic\u0103: <strong>2 ore <\/strong><\/li>\n<li>Fizic\u0103: <strong>2 ore<\/strong><\/li>\n<li>Chimie: <strong>1 or\u0103<\/strong><\/li>\n<li>Biologie: <strong>1 or\u0103<\/strong><\/li>\n<\/ul>\n<p><strong>III. Om \u015fi societate<\/strong><\/p>\n<ul>\n<li>Religie: <strong>1 or\u0103<\/strong><\/li>\n<li>Istorie: <strong>3 ore<\/strong><\/li>\n<li>Geografie: <strong>2 ore<\/strong><\/li>\n<li>Socio-umane; <strong>2 ore<\/strong><\/li>\n<\/ul>\n<p><strong>IV. Arte<\/strong><\/p>\n<ul>\n<li>Educa\u021bie muzical\u0103: <strong>1 or\u0103<\/strong><\/li>\n<li>Educa\u021bie plastic\u0103: <strong>1 or\u0103<\/strong><\/li>\n<\/ul>\n<p><strong>V. Educa\u021bie fizic\u0103 \u0219i sport<\/strong><\/p>\n<ul>\n<li>Educa\u021bie fizic\u0103: <strong>1 or\u0103<\/strong><\/li>\n<\/ul>\n<p><strong>VI. Tehnologii<\/strong><\/p>\n<ul>\n<li>Tehnologia informa\u0163iei \u015fi comunica\u0163iilor: <strong>1 or\u0103<\/strong><\/li>\n<li>Educa\u021bie antreprenorial\u0103: <strong>1 or\u0103<\/strong><\/li>\n<li><strong><\/strong><\/li>\n<li><strong>VII. Curriculum la decizia \u0219colii<\/strong>\u00a0<\/li>\n<li>Limba german\u0103 prin teatru: <strong>1 or\u0103<\/strong><\/li>\n<li>Managementul emo\u021biilor: <strong style=\"font-size: 14px;\">1 or\u0103<\/strong><\/li>\n<\/ul>\n<p>[\/et_pb_text][et_pb_text _builder_version=&#8221;4.16&#8243; text_font_size=&#8221;16px&#8221; global_colors_info=&#8221;{}&#8221; locked=&#8221;off&#8221; custom_padding=&#8221;19px|48px||||&#8221; width=&#8221;53.5%&#8221; min_height=&#8221;1172.7px&#8221; custom_margin=&#8221;-945px|||||&#8221;]<\/p>\n<h4><strong><\/strong><\/h4>\n<h4><strong>Clasa a IX-a<\/strong><\/h4>\n<p><strong>I. Limba \u015fi Comunicare<\/strong><\/p>\n<ul>\n<li>Limba \u0219i literatura rom\u00e2n\u0103: <strong>4\u00a0ore<\/strong>\u00a0<\/li>\n<li>Limba modern\u0103 1 (limba englez\u0103): <strong>3 ore<\/strong><\/li>\n<li>Limba modern\u0103 2 (limba francez\u0103): <strong>2 ore<\/strong><\/li>\n<li>Limba latin\u0103: <strong>1 or\u0103<\/strong><\/li>\n<\/ul>\n<p><strong>II. Matematic\u0103 \u015fi \u015ftiin\u0163ele naturii<\/strong><\/p>\n<ul>\n<li>Matematic\u0103: <strong>2 ore <\/strong><\/li>\n<li>Fizic\u0103: <strong>2 ore<\/strong><\/li>\n<li>Chimie: <strong>1 or\u0103<\/strong><\/li>\n<li>Biologie: <strong>1 or\u0103<\/strong><\/li>\n<\/ul>\n<p><strong>III. Om \u015fi societate<\/strong><\/p>\n<ul>\n<li>Religie: <strong>1 or\u0103<\/strong><\/li>\n<li>Istorie: <strong>3 ore<\/strong><\/li>\n<li>Geografie: <strong>2 ore<\/strong><\/li>\n<li>Socio-umane: <strong>2 ore<\/strong><\/li>\n<\/ul>\n<p><strong>IV. Arte<\/strong><\/p>\n<ul>\n<li>Educa\u021bie muzical\u0103: <strong>1 or\u0103<\/strong><\/li>\n<li>Educa\u021bie plastic\u0103: <strong>1 or\u0103<\/strong><\/li>\n<\/ul>\n<p><strong>V. Educa\u021bie fizic\u0103 \u0219i sport<\/strong><\/p>\n<ul>\n<li>Educa\u021bie fizic\u0103: <strong>1 or\u0103<\/strong><\/li>\n<\/ul>\n<p><strong>VI. Tehnologii<\/strong><\/p>\n<ul>\n<li>Tehnologia informa\u0163iei \u015fi comunica\u0163iilor: <strong>2 ore<\/strong><strong style=\"font-size: 16px;\"><\/strong><\/li>\n<li><strong><\/strong><\/li>\n<li><strong style=\"font-size: 16px;\">\u00a0<\/strong><\/li>\n<li><span style=\"font-size: 16px;\"><strong>VII.<\/strong> <strong>Curriculum la decizia \u0219colii<\/strong>\u00a0<\/span><\/li>\n<li><span style=\"font-size: 16px;\">Limba german\u0103 prin teatru: <\/span><strong style=\"font-size: 16px;\">1 or\u0103<\/strong><\/li>\n<li>Educa\u021bie digital\u0103 \u0219i abilit\u0103\u021bi media: <strong>1 or\u0103<\/strong><\/li>\n<\/ul>\n<p>[\/et_pb_text][et_pb_text _builder_version=&#8221;4.16&#8243; text_font=&#8221;||||||||&#8221; text_font_size=&#8221;16px&#8221; custom_margin=&#8221;25px|||||&#8221; global_colors_info=&#8221;{}&#8221;]<\/p>\n<h2>Activit\u0103\u021bi \u00een completarea ofertei educa\u021bionale de baz\u0103:<\/h2>\n<p>&nbsp;<\/p>\n<ul>\n<li><strong>Aplicarea planului cadru aprobat<\/strong> (30 ore \/ s\u0103pt\u0103m\u00e2n\u0103)<\/li>\n<li><strong>Inteligen\u021b\u0103 emo\u021bional\u0103<\/strong>: desf\u0103\u0219urarea unor activit\u0103\u021bi de dezvoltare personal\u0103 sub \u00eendrumarea psihologului \u0219colii.<\/li>\n<li><strong>Activit\u0103\u021bi de voluntariat<\/strong> la nivelul unit\u0103\u021bii de \u00eenv\u0103\u021b\u0103m\u00e2nt \u0219i al comunit\u0103\u021bii locale.<\/li>\n<li><strong>Organizarea de spectacole<\/strong> \u0219i diverse evenimente culturale \u00een func\u0163ie de momentele importante ale anului, \u00een \u0219coal\u0103 sau \u00een alte spa\u021bii.<\/li>\n<li><strong>Participarea la t\u00e2rguri, festivaluri \u0219i expozi\u0163ii<\/strong>.<\/li>\n<li>Implicarea \u00een <strong>campanii sociale sau umanitare<\/strong>.<\/li>\n<li>Organizare de <strong>Zile ale U\u0219ilor Deschise<\/strong>\u00a0 cu participarea p\u0103rin\u0163ilor.<\/li>\n<li><strong>Vizionare de spectacole<\/strong> de teatru, audierea de concerte.<\/li>\n<li><strong>Vizite <\/strong>la muzee \u015fi alte obiective culturale, \u00een func\u0163ie de temele studiate \u015fi de v\u00e2rsta copiilor.<\/li>\n<li><strong>Plimb\u0103ri<\/strong> \u00een parcuri, la Gr\u0103dina Botanic\u0103, Gr\u0103dina Zoologic\u0103, excursii \u00een Bucure\u0219ti \u0219i \u00een afara ora\u0219ului.<\/li>\n<li><strong>Organizarea de festivit\u0103\u021bi <\/strong>dedicate copiilor (zile de na\u0219tere, onomastici), \u00een cadrul clasei.<\/li>\n<li><strong>Celebrarea unor s\u0103rb\u0103tori na\u0163ionale \u015fi interna\u0163ionale<\/strong> prin activit\u0103\u0163i cu invita\u0163i, activit\u0103\u0163i practice, spectacole.<\/li>\n<li><strong>Asisten\u0163\u0103 medical\u0103 permanent\u0103<\/strong>.<\/li>\n<\/ul>\n<p>&nbsp;<\/p>\n<hr \/>\n<p>&nbsp;<\/p>\n<p>\u015ecoala respect\u0103 structura anului \u015fcolar aprobat\u0103 de MEN.<br \/> \u00cen lunile iulie \u0219i august, elevii pot participa la activit\u0103\u021bi de voluntariat \u00een cadrul programului estival.<\/p>\n<p>&nbsp;<\/p>\n<p>[\/et_pb_text][\/et_pb_column][\/et_pb_row][\/et_pb_section]<\/p>\n","protected":false},"excerpt":{"rendered":"<p>3950 EUR \/ an \u0219colar (1 septembrie &#8211; 30 iunie) Masa de pr\u00e2nz: 26 RON \/ ziOferta educa\u0163ional\u0103 de baz\u0103 &#8211; profilul pedagogic Desf\u0103\u015furarea activit\u0103\u0163ilor din ciclul achizi\u0163iilor fundamentale &#8211; conform Planului cadru de \u00eenv\u0103\u021b\u0103m\u00e2nt avizat prin OMECTS nr.\u00a0 5347\/07.09.2011 privind aprobarea planurilor &#8211; cadru de \u00eenv\u0103\u021b\u0103m\u00e2nt pentru clasele a IX-a \u2013 a XII-a, filiera [&hellip;]<\/p>\n","protected":false},"author":1,"featured_media":0,"parent":0,"menu_order":0,"comment_status":"closed","ping_status":"closed","template":"","meta":{"_et_pb_use_builder":"on","_et_pb_old_content":"","_et_gb_content_width":"","_crdt_document":"","footnotes":""},"class_list":["post-174","page","type-page","status-publish","hentry"],"_links":{"self":[{"href":"https:\/\/www.anastasiapopescu.ro\/liceu\/wp-json\/wp\/v2\/pages\/174","targetHints":{"allow":["GET"]}}],"collection":[{"href":"https:\/\/www.anastasiapopescu.ro\/liceu\/wp-json\/wp\/v2\/pages"}],"about":[{"href":"https:\/\/www.anastasiapopescu.ro\/liceu\/wp-json\/wp\/v2\/types\/page"}],"author":[{"embeddable":true,"href":"https:\/\/www.anastasiapopescu.ro\/liceu\/wp-json\/wp\/v2\/users\/1"}],"replies":[{"embeddable":true,"href":"https:\/\/www.anastasiapopescu.ro\/liceu\/wp-json\/wp\/v2\/comments?post=174"}],"version-history":[{"count":6,"href":"https:\/\/www.anastasiapopescu.ro\/liceu\/wp-json\/wp\/v2\/pages\/174\/revisions"}],"predecessor-version":[{"id":4106,"href":"https:\/\/www.anastasiapopescu.ro\/liceu\/wp-json\/wp\/v2\/pages\/174\/revisions\/4106"}],"wp:attachment":[{"href":"https:\/\/www.anastasiapopescu.ro\/liceu\/wp-json\/wp\/v2\/media?parent=174"}],"curies":[{"name":"wp","href":"https:\/\/api.w.org\/{rel}","templated":true}]}}